{"id":7164,"date":"2025-11-16T10:32:21","date_gmt":"2025-11-16T09:32:21","guid":{"rendered":"https:\/\/articmusica.com\/?page_id=7164"},"modified":"2026-01-22T20:25:34","modified_gmt":"2026-01-22T19:25:34","slug":"paso-de-grado","status":"publish","type":"page","link":"https:\/\/articmusica.com\/es\/pas-de-grau\/","title":{"rendered":"Paso de Grado - 12 y 13 a\u00f1os"},"content":{"rendered":"<div data-elementor-type=\"wp-page\" data-elementor-id=\"7164\" class=\"elementor elementor-7164\">\n\t\t\t\t\t\t<section class=\"elementor-section elementor-top-section elementor-element elementor-element-2a39e36 elementor-section-full_width elementor-section-content-middle elementor-section-height-default elementor-section-height-default qodef-elementor-content-no\" data-id=\"2a39e36\" data-element_type=\"section\" data-e-type=\"section\">\n\t\t\t\t\t\t<div class=\"elementor-container elementor-column-gap-default\">\n\t\t\t\t\t<div class=\"elementor-column elementor-col-100 elementor-top-column elementor-element elementor-element-fef7e90\" data-id=\"fef7e90\" data-element_type=\"column\" data-e-type=\"column\">\n\t\t\t<div class=\"elementor-widget-wrap elementor-element-populated\">\n\t\t\t\t\t\t<div class=\"elementor-element elementor-element-1cb2b5d elementor-widget elementor-widget-songbook_core_section_title\" data-id=\"1cb2b5d\" data-element_type=\"widget\" data-e-type=\"widget\" data-widget_type=\"songbook_core_section_title.default\">\n\t\t\t\t<div class=\"elementor-widget-container\">\n\t\t\t\t\t<div class=\"qodef-shortcode qodef-m qodef-section-title qodef-alignment--left\">\n\t\t\t\t\t<p class=\"qodef-m-text\" style=\"margin-top: -3px\">Ciclo puente entre la formaci\u00f3n musical b\u00e1sica y la formaci\u00f3n profesional. A lo largo de estos dos cursos los alumnos reciben los conocimientos necesarios para entrar al programa de ciclo profesional, ya est\u00e9 en nuestra escuela o prepar\u00e1ndolos por otros centros. <\/p>\n<\/div>\t\t\t\t<\/div>\n\t\t\t\t<\/div>\n\t\t\t\t<div class=\"elementor-element elementor-element-9bfebbf elementor-widget elementor-widget-songbook_core_section_title\" data-id=\"9bfebbf\" data-element_type=\"widget\" data-e-type=\"widget\" data-widget_type=\"songbook_core_section_title.default\">\n\t\t\t\t<div class=\"elementor-widget-container\">\n\t\t\t\t\t<div class=\"qodef-shortcode qodef-m qodef-section-title qodef-alignment--left\">\n\t\t\t<h3 class=\"qodef-m-title\" >\n\t\t\t\t\tAsignaturas de base\t\t\t<\/h3>\n\t\t<\/div>\t\t\t\t<\/div>\n\t\t\t\t<\/div>\n\t\t\t\t<div class=\"elementor-element elementor-element-4deb48f elementor-widget elementor-widget-songbook_core_section_title\" data-id=\"4deb48f\" data-element_type=\"widget\" data-e-type=\"widget\" data-widget_type=\"songbook_core_section_title.default\">\n\t\t\t\t<div class=\"elementor-widget-container\">\n\t\t\t\t\t<div class=\"qodef-shortcode qodef-m qodef-section-title qodef-alignment--left\">\n\t\t\t<h4 class=\"qodef-m-title\" style=\"color: #FAC33C;margin-top: 11px\">\n\t\t\t\t\tC\u00f3digos (clase colectiva de 60\u2019\/semana)\t\t\t<\/h4>\n\t\t\t<p class=\"qodef-m-text\" style=\"margin-top: -9px\">Los alumnos se inician en el lenguaje musical a trav\u00e9s de la pr\u00e1ctica de la lectura,\u00a0 el aprendizaje de los ritmos, la educaci\u00f3n del o\u00eddo, la afinaci\u00f3n y la pr\u00e1ctica de la improvisaci\u00f3n.<\/p>\n<\/div>\t\t\t\t<\/div>\n\t\t\t\t<\/div>\n\t\t\t\t<div class=\"elementor-element elementor-element-a674710 elementor-widget elementor-widget-songbook_core_section_title\" data-id=\"a674710\" data-element_type=\"widget\" data-e-type=\"widget\" data-widget_type=\"songbook_core_section_title.default\">\n\t\t\t\t<div class=\"elementor-widget-container\">\n\t\t\t\t\t<div class=\"qodef-shortcode qodef-m qodef-section-title qodef-alignment--left\">\n\t\t\t\t\t<p class=\"qodef-m-text\" style=\"margin-top: -9px\">Todos estos aspectos se trabajan a partir de una serie de ejercicios activos que tienen como objetivo que los alumnos adquieran un buen nivel de lenguaje de forma juguetona y colectiva.<\/p>\n<\/div>\t\t\t\t<\/div>\n\t\t\t\t<\/div>\n\t\t\t\t<div class=\"elementor-element elementor-element-dd6c6ff elementor-widget elementor-widget-songbook_core_section_title\" data-id=\"dd6c6ff\" data-element_type=\"widget\" data-e-type=\"widget\" data-widget_type=\"songbook_core_section_title.default\">\n\t\t\t\t<div class=\"elementor-widget-container\">\n\t\t\t\t\t<div class=\"qodef-shortcode qodef-m qodef-section-title qodef-alignment--left\">\n\t\t\t\t\t<p class=\"qodef-m-text\" style=\"margin-top: -9px\">La asignatura de c\u00f3digos es obligatoria para poder tocar un instrumento.<\/p>\n<\/div>\t\t\t\t<\/div>\n\t\t\t\t<\/div>\n\t\t\t\t<div class=\"elementor-element elementor-element-b024bb4 elementor-widget elementor-widget-songbook_core_section_title\" data-id=\"b024bb4\" data-element_type=\"widget\" data-e-type=\"widget\" data-widget_type=\"songbook_core_section_title.default\">\n\t\t\t\t<div class=\"elementor-widget-container\">\n\t\t\t\t\t<div class=\"qodef-shortcode qodef-m qodef-section-title qodef-alignment--left\">\n\t\t\t<h4 class=\"qodef-m-title\" style=\"color: #FAC33C;margin-top: 11px\">\n\t\t\t\t\tInstrumento individual (30\u2019\/semana)\t\t\t<\/h4>\n\t\t\t<p class=\"qodef-m-text\" style=\"margin-top: -9px\">Esta clase ofrece al alumnado la posibilidad de un aprendizaje individual y totalmente personalizado, puesto que permite a nuestros profesores adaptar la ense\u00f1anza a las necesidades, capacidades y estilo de aprendizaje de cada alumno.<\/p>\n<\/div>\t\t\t\t<\/div>\n\t\t\t\t<\/div>\n\t\t\t\t<div class=\"elementor-element elementor-element-b9d6b9b elementor-widget elementor-widget-songbook_core_section_title\" data-id=\"b9d6b9b\" data-element_type=\"widget\" data-e-type=\"widget\" data-widget_type=\"songbook_core_section_title.default\">\n\t\t\t\t<div class=\"elementor-widget-container\">\n\t\t\t\t\t<div class=\"qodef-shortcode qodef-m qodef-section-title qodef-alignment--left\">\n\t\t\t\t\t<p class=\"qodef-m-text\" style=\"margin-top: -9px\">Se imparten clases de guitarra, bajo, piano, bater\u00eda, canto, viola, viol\u00edn, flauta travesera, clarinete, saxo, trompeta, tromb\u00f3n y bombardino.<\/p>\n<\/div>\t\t\t\t<\/div>\n\t\t\t\t<\/div>\n\t\t\t\t<div class=\"elementor-element elementor-element-e972a59 elementor-widget elementor-widget-songbook_core_section_title\" data-id=\"e972a59\" data-element_type=\"widget\" data-e-type=\"widget\" data-widget_type=\"songbook_core_section_title.default\">\n\t\t\t\t<div class=\"elementor-widget-container\">\n\t\t\t\t\t<div class=\"qodef-shortcode qodef-m qodef-section-title qodef-alignment--left\">\n\t\t\t<h3 class=\"qodef-m-title\" >\n\t\t\t\t\tAsignaturas optativas\t\t\t<\/h3>\n\t\t<\/div>\t\t\t\t<\/div>\n\t\t\t\t<\/div>\n\t\t\t\t<div class=\"elementor-element elementor-element-44210fa elementor-widget elementor-widget-songbook_core_section_title\" data-id=\"44210fa\" data-element_type=\"widget\" data-e-type=\"widget\" data-widget_type=\"songbook_core_section_title.default\">\n\t\t\t\t<div class=\"elementor-widget-container\">\n\t\t\t\t\t<div class=\"qodef-shortcode qodef-m qodef-section-title qodef-alignment--left\">\n\t\t\t<h4 class=\"qodef-m-title\" style=\"color: #FAC33C;margin-top: 11px\">\n\t\t\t\t\tConjunto Vocal\t\t\t<\/h4>\n\t\t\t<p class=\"qodef-m-text\" style=\"margin-top: -9px\">Formar parte de un conjunto vocal permite al alumnado descubrir el canto como experiencia colectiva, mejorar la expresi\u00f3n musical y disfrutar de la interpretaci\u00f3n en grupo. A lo largo del curso se trabaja un repertorio variado, adecuado en la edad y en el nivel, con actuaciones abiertas al p\u00fablico en diferentes momentos del a\u00f1o.<\/p>\n<\/div>\t\t\t\t<\/div>\n\t\t\t\t<\/div>\n\t\t\t\t<div class=\"elementor-element elementor-element-2320c84 elementor-widget elementor-widget-songbook_core_section_title\" data-id=\"2320c84\" data-element_type=\"widget\" data-e-type=\"widget\" data-widget_type=\"songbook_core_section_title.default\">\n\t\t\t\t<div class=\"elementor-widget-container\">\n\t\t\t\t\t<div class=\"qodef-shortcode qodef-m qodef-section-title qodef-alignment--left\">\n\t\t\t\t\t<p class=\"qodef-m-text\" style=\"margin-top: -9px\">La participaci\u00f3n en un conjunto vocal requiere el compromiso de todo el curso y de asistir a los conciertos y actividades programadas, que son parte esencial del proceso formativo.<\/p>\n<\/div>\t\t\t\t<\/div>\n\t\t\t\t<\/div>\n\t\t\t\t<div class=\"elementor-element elementor-element-f198cdb elementor-widget elementor-widget-songbook_core_section_title\" data-id=\"f198cdb\" data-element_type=\"widget\" data-e-type=\"widget\" data-widget_type=\"songbook_core_section_title.default\">\n\t\t\t\t<div class=\"elementor-widget-container\">\n\t\t\t\t\t<div class=\"qodef-shortcode qodef-m qodef-section-title qodef-alignment--left\">\n\t\t\t<h4 class=\"qodef-m-title\" style=\"color: #FAC33C;margin-top: 11px\">\n\t\t\t\t\tConjunto instrumental\t\t\t<\/h4>\n\t\t\t<p class=\"qodef-m-text\" style=\"margin-top: -9px\">Participar en un conjunto instrumental es una oportunidad para disfrutar de la m\u00fasica en grupo, compartir aprendizajes con otros alumnos y vivir la experiencia de hacer conciertos a lo largo del curso. Las formaciones pueden ser tanto de m\u00fasica de c\u00e1mara como de m\u00fasica moderna, seg\u00fan los intereses y el nivel del alumnado.<\/p>\n<\/div>\t\t\t\t<\/div>\n\t\t\t\t<\/div>\n\t\t\t\t<div class=\"elementor-element elementor-element-97a9712 elementor-widget elementor-widget-songbook_core_section_title\" data-id=\"97a9712\" data-element_type=\"widget\" data-e-type=\"widget\" data-widget_type=\"songbook_core_section_title.default\">\n\t\t\t\t<div class=\"elementor-widget-container\">\n\t\t\t\t\t<div class=\"qodef-shortcode qodef-m qodef-section-title qodef-alignment--left\">\n\t\t\t\t\t<p class=\"qodef-m-text\" style=\"margin-top: -9px\">Para poder acceder, hay que haber cursado como m\u00ednimo dos a\u00f1os de instrumento individual. La participaci\u00f3n en un conjunto implica el compromiso de todo el curso y de asistir a las actuaciones programadas, que forman parte del trabajo colectivo y del crecimiento musical de cada alumno.<\/p>\n<\/div>\t\t\t\t<\/div>\n\t\t\t\t<\/div>\n\t\t\t\t<div class=\"elementor-element elementor-element-852f5bf elementor-widget elementor-widget-songbook_core_section_title\" data-id=\"852f5bf\" data-element_type=\"widget\" data-e-type=\"widget\" data-widget_type=\"songbook_core_section_title.default\">\n\t\t\t\t<div class=\"elementor-widget-container\">\n\t\t\t\t\t<div class=\"qodef-shortcode qodef-m qodef-section-title qodef-alignment--left\">\n\t\t\t<h4 class=\"qodef-m-title\" style=\"color: #FAC33C;margin-top: 11px\">\n\t\t\t\t\tProducci\u00f3n musical\t\t\t<\/h4>\n\t\t\t<p class=\"qodef-m-text\" style=\"margin-top: -9px\">Esta asignatura optativa se dirige a #alumno a partir de los 10 a\u00f1os y ofrece una introducci\u00f3n pr\u00e1ctica y accesible en el mundo de la creaci\u00f3n musical a trav\u00e9s de las tecnolog\u00edas actuales. No se requieren conocimientos previos de lenguaje musical ni de instrumento, hecho que la convierte en una v\u00eda alternativa o complementaria en los estudios musicales tradicionales.<\/p>\n<\/div>\t\t\t\t<\/div>\n\t\t\t\t<\/div>\n\t\t\t\t<div class=\"elementor-element elementor-element-52cea63 elementor-widget elementor-widget-songbook_core_section_title\" data-id=\"52cea63\" data-element_type=\"widget\" data-e-type=\"widget\" data-widget_type=\"songbook_core_section_title.default\">\n\t\t\t\t<div class=\"elementor-widget-container\">\n\t\t\t\t\t<div class=\"qodef-shortcode qodef-m qodef-section-title qodef-alignment--left\">\n\t\t\t\t\t<p class=\"qodef-m-text\" style=\"margin-top: -9px\">La asignatura incluye contenidos como el uso de software de producci\u00f3n y edici\u00f3n de audio, t\u00e9cnicas b\u00e1sicas de grabaci\u00f3n y mezcla, y herramientas de composici\u00f3n para medios audiovisuales. Mediante proyectos pr\u00e1cticos, el alumnado trabaja con sonidos, ritmos y texturas, y desarrolla sus capacidades creativas y expresivas dentro del \u00e1mbito musical.<\/p>\n<\/div>\t\t\t\t<\/div>\n\t\t\t\t<\/div>\n\t\t\t\t\t<\/div>\n\t\t<\/div>\n\t\t\t\t\t<\/div>\n\t\t<\/section>\n\t\t\t\t<section class=\"elementor-section elementor-top-section elementor-element elementor-element-9d79df1 elementor-section-full_width elementor-section-height-default elementor-section-height-default qodef-elementor-content-no\" data-id=\"9d79df1\" data-element_type=\"section\" data-e-type=\"section\">\n\t\t\t\t\t\t\t<div class=\"elementor-background-overlay\"><\/div>\n\t\t\t\t\t\t\t<div class=\"elementor-container elementor-column-gap-default\">\n\t\t\t\t\t<div class=\"elementor-column elementor-col-100 elementor-top-column elementor-element elementor-element-afe7f3f\" data-id=\"afe7f3f\" data-element_type=\"column\" data-e-type=\"column\" data-settings=\"{&quot;background_background&quot;:&quot;classic&quot;}\">\n\t\t\t<div class=\"elementor-widget-wrap\">\n\t\t\t\t\t\t\t<\/div>\n\t\t<\/div>\n\t\t\t\t\t<\/div>\n\t\t<\/section>\n\t\t\t\t<\/div>","protected":false},"excerpt":{"rendered":"<p>Cicle pont entre la formaci\u00f3 musical b\u00e0sica i la formaci\u00f3 professional. Al llarg d\u2019aquests dos cursos els alumnes reben els coneixements necessaris per entrar al programa de cicle professional, ja sigui a la nostra escola o preparant-los per altres centres. Assignatures de base Codis (classe col.lectiva de 60\u2019\/setmana) Els alumnes s\u2019inicien en el llenguatge musical [&hellip;]<\/p>\n","protected":false},"author":1,"featured_media":0,"parent":0,"menu_order":0,"comment_status":"closed","ping_status":"closed","template":"page-full-width.php","meta":{"footnotes":""},"class_list":["post-7164","page","type-page","status-publish","hentry"],"yoast_head":"<!-- This site is optimized with the Yoast SEO plugin v27.5 - https:\/\/yoast.com\/product\/yoast-seo-wordpress\/ -->\n<title>Pas de grau - 12 i 13 anys - \u00c0rtic - Escola de M\u00fasica<\/title>\n<meta name=\"robots\" content=\"index, follow, max-snippet:-1, max-image-preview:large, max-video-preview:-1\" \/>\n<link rel=\"canonical\" href=\"https:\/\/articmusica.com\/es\/paso-de-grado\/\" \/>\n<meta property=\"og:locale\" content=\"es_ES\" \/>\n<meta property=\"og:type\" content=\"article\" \/>\n<meta property=\"og:title\" content=\"Pas de grau - 12 i 13 anys - \u00c0rtic - Escola de M\u00fasica\" \/>\n<meta property=\"og:description\" content=\"Cicle pont entre la formaci\u00f3 musical b\u00e0sica i la formaci\u00f3 professional. Al llarg d\u2019aquests dos cursos els alumnes reben els coneixements necessaris per entrar al programa de cicle professional, ja sigui a la nostra escola o preparant-los per altres centres. Assignatures de base Codis (classe col.lectiva de 60\u2019\/setmana) Els alumnes s\u2019inicien en el llenguatge musical [&hellip;]\" \/>\n<meta property=\"og:url\" content=\"https:\/\/articmusica.com\/es\/paso-de-grado\/\" \/>\n<meta property=\"og:site_name\" content=\"\u00c0rtic - Escola de M\u00fasica\" \/>\n<meta property=\"article:modified_time\" content=\"2026-01-22T19:25:34+00:00\" \/>\n<meta name=\"twitter:card\" content=\"summary_large_image\" \/>\n<meta name=\"twitter:label1\" content=\"Tiempo de lectura\" \/>\n\t<meta name=\"twitter:data1\" content=\"3 minutos\" \/>\n<script type=\"application\/ld+json\" class=\"yoast-schema-graph\">{\"@context\":\"https:\\\/\\\/schema.org\",\"@graph\":[{\"@type\":\"WebPage\",\"@id\":\"https:\\\/\\\/articmusica.com\\\/pas-de-grau\\\/\",\"url\":\"https:\\\/\\\/articmusica.com\\\/pas-de-grau\\\/\",\"name\":\"Pas de grau - 12 i 13 anys - \u00c0rtic - Escola de M\u00fasica\",\"isPartOf\":{\"@id\":\"https:\\\/\\\/articmusica.com\\\/#website\"},\"datePublished\":\"2025-11-16T09:32:21+00:00\",\"dateModified\":\"2026-01-22T19:25:34+00:00\",\"breadcrumb\":{\"@id\":\"https:\\\/\\\/articmusica.com\\\/pas-de-grau\\\/#breadcrumb\"},\"inLanguage\":\"es\",\"potentialAction\":[{\"@type\":\"ReadAction\",\"target\":[\"https:\\\/\\\/articmusica.com\\\/pas-de-grau\\\/\"]}]},{\"@type\":\"BreadcrumbList\",\"@id\":\"https:\\\/\\\/articmusica.com\\\/pas-de-grau\\\/#breadcrumb\",\"itemListElement\":[{\"@type\":\"ListItem\",\"position\":1,\"name\":\"Inici\",\"item\":\"https:\\\/\\\/articmusica.com\\\/\"},{\"@type\":\"ListItem\",\"position\":2,\"name\":\"Pas de grau &#8211; 12 i 13 anys\"}]},{\"@type\":\"WebSite\",\"@id\":\"https:\\\/\\\/articmusica.com\\\/#website\",\"url\":\"https:\\\/\\\/articmusica.com\\\/\",\"name\":\"\u00c0rtic - Escola de M\u00fasica\",\"description\":\"\",\"potentialAction\":[{\"@type\":\"SearchAction\",\"target\":{\"@type\":\"EntryPoint\",\"urlTemplate\":\"https:\\\/\\\/articmusica.com\\\/?s={search_term_string}\"},\"query-input\":{\"@type\":\"PropertyValueSpecification\",\"valueRequired\":true,\"valueName\":\"search_term_string\"}}],\"inLanguage\":\"es\"}]}<\/script>\n<!-- \/ Yoast SEO plugin. -->","yoast_head_json":{"title":"Paso de grado - 12 y 13 - \u00c0rtic - Escuela de M\u00fasica","robots":{"index":"index","follow":"follow","max-snippet":"max-snippet:-1","max-image-preview":"max-image-preview:large","max-video-preview":"max-video-preview:-1"},"canonical":"https:\/\/articmusica.com\/es\/paso-de-grado\/","og_locale":"es_ES","og_type":"article","og_title":"Pas de grau - 12 i 13 anys - \u00c0rtic - Escola de M\u00fasica","og_description":"Cicle pont entre la formaci\u00f3 musical b\u00e0sica i la formaci\u00f3 professional. Al llarg d\u2019aquests dos cursos els alumnes reben els coneixements necessaris per entrar al programa de cicle professional, ja sigui a la nostra escola o preparant-los per altres centres. Assignatures de base Codis (classe col.lectiva de 60\u2019\/setmana) Els alumnes s\u2019inicien en el llenguatge musical [&hellip;]","og_url":"https:\/\/articmusica.com\/es\/paso-de-grado\/","og_site_name":"\u00c0rtic - Escola de M\u00fasica","article_modified_time":"2026-01-22T19:25:34+00:00","twitter_card":"summary_large_image","twitter_misc":{"Tiempo de lectura":"3 minutos"},"schema":{"@context":"https:\/\/schema.org","@graph":[{"@type":"WebPage","@id":"https:\/\/articmusica.com\/pas-de-grau\/","url":"https:\/\/articmusica.com\/pas-de-grau\/","name":"Paso de grado - 12 y 13 - \u00c0rtic - Escuela de M\u00fasica","isPartOf":{"@id":"https:\/\/articmusica.com\/#website"},"datePublished":"2025-11-16T09:32:21+00:00","dateModified":"2026-01-22T19:25:34+00:00","breadcrumb":{"@id":"https:\/\/articmusica.com\/pas-de-grau\/#breadcrumb"},"inLanguage":"es","potentialAction":[{"@type":"ReadAction","target":["https:\/\/articmusica.com\/pas-de-grau\/"]}]},{"@type":"BreadcrumbList","@id":"https:\/\/articmusica.com\/pas-de-grau\/#breadcrumb","itemListElement":[{"@type":"ListItem","position":1,"name":"Inici","item":"https:\/\/articmusica.com\/"},{"@type":"ListItem","position":2,"name":"Pas de grau &#8211; 12 i 13 anys"}]},{"@type":"WebSite","@id":"https:\/\/articmusica.com\/#website","url":"https:\/\/articmusica.com\/","name":"\u00c0rtic - Escuela de M\u00fasica","description":"","potentialAction":[{"@type":"SearchAction","target":{"@type":"EntryPoint","urlTemplate":"https:\/\/articmusica.com\/?s={search_term_string}"},"query-input":{"@type":"PropertyValueSpecification","valueRequired":true,"valueName":"search_term_string"}}],"inLanguage":"es"}]}},"_links":{"self":[{"href":"https:\/\/articmusica.com\/es\/wp-json\/wp\/v2\/pages\/7164","targetHints":{"allow":["GET"]}}],"collection":[{"href":"https:\/\/articmusica.com\/es\/wp-json\/wp\/v2\/pages"}],"about":[{"href":"https:\/\/articmusica.com\/es\/wp-json\/wp\/v2\/types\/page"}],"author":[{"embeddable":true,"href":"https:\/\/articmusica.com\/es\/wp-json\/wp\/v2\/users\/1"}],"replies":[{"embeddable":true,"href":"https:\/\/articmusica.com\/es\/wp-json\/wp\/v2\/comments?post=7164"}],"version-history":[{"count":57,"href":"https:\/\/articmusica.com\/es\/wp-json\/wp\/v2\/pages\/7164\/revisions"}],"predecessor-version":[{"id":8527,"href":"https:\/\/articmusica.com\/es\/wp-json\/wp\/v2\/pages\/7164\/revisions\/8527"}],"wp:attachment":[{"href":"https:\/\/articmusica.com\/es\/wp-json\/wp\/v2\/media?parent=7164"}],"curies":[{"name":"wp","href":"https:\/\/api.w.org\/{rel}","templated":true}]}}