{"id":7162,"date":"2025-11-16T10:31:17","date_gmt":"2025-11-16T09:31:17","guid":{"rendered":"https:\/\/articmusica.com\/?page_id=7162"},"modified":"2026-01-22T20:24:36","modified_gmt":"2026-01-22T19:24:36","slug":"ciclo-medio","status":"publish","type":"page","link":"https:\/\/articmusica.com\/es\/cicle-mitja\/","title":{"rendered":"Ciclo mediano - 8 a 11 a\u00f1os"},"content":{"rendered":"<div data-elementor-type=\"wp-page\" data-elementor-id=\"7162\" class=\"elementor elementor-7162\">\n\t\t\t\t\t\t<section class=\"elementor-section elementor-top-section elementor-element elementor-element-497b819 elementor-section-full_width elementor-section-height-default elementor-section-height-default qodef-elementor-content-no\" data-id=\"497b819\" data-element_type=\"section\" data-e-type=\"section\">\n\t\t\t\t\t\t<div class=\"elementor-container elementor-column-gap-default\">\n\t\t\t\t\t<div class=\"elementor-column elementor-col-100 elementor-top-column elementor-element elementor-element-9fd44b3\" data-id=\"9fd44b3\" data-element_type=\"column\" data-e-type=\"column\">\n\t\t\t<div class=\"elementor-widget-wrap elementor-element-populated\">\n\t\t\t\t\t\t<div class=\"elementor-element elementor-element-8972e8f elementor-widget elementor-widget-songbook_core_section_title\" data-id=\"8972e8f\" data-element_type=\"widget\" data-e-type=\"widget\" data-widget_type=\"songbook_core_section_title.default\">\n\t\t\t\t<div class=\"elementor-widget-container\">\n\t\t\t\t\t<div class=\"qodef-shortcode qodef-m qodef-section-title qodef-alignment--left\">\n\t\t\t\t\t<p class=\"qodef-m-text\" style=\"margin-top: -9px\">Durante el ciclo medio, aparte de las asignaturas fijas de c\u00f3digos e instrumento, el alumnado a\u00f1ade una asignatura optativa en funci\u00f3n de sus intereses musicales y su nivel con el instrumento.<\/p>\n<\/div>\t\t\t\t<\/div>\n\t\t\t\t<\/div>\n\t\t\t\t<div class=\"elementor-element elementor-element-8a348f8 elementor-widget elementor-widget-songbook_core_section_title\" data-id=\"8a348f8\" data-element_type=\"widget\" data-e-type=\"widget\" data-widget_type=\"songbook_core_section_title.default\">\n\t\t\t\t<div class=\"elementor-widget-container\">\n\t\t\t\t\t<div class=\"qodef-shortcode qodef-m qodef-section-title qodef-alignment--left\">\n\t\t\t<h3 class=\"qodef-m-title\" >\n\t\t\t\t\tAsignaturas de base\t\t\t<\/h3>\n\t\t<\/div>\t\t\t\t<\/div>\n\t\t\t\t<\/div>\n\t\t\t\t<div class=\"elementor-element elementor-element-8aa9f9a elementor-widget elementor-widget-songbook_core_section_title\" data-id=\"8aa9f9a\" data-element_type=\"widget\" data-e-type=\"widget\" data-widget_type=\"songbook_core_section_title.default\">\n\t\t\t\t<div class=\"elementor-widget-container\">\n\t\t\t\t\t<div class=\"qodef-shortcode qodef-m qodef-section-title qodef-alignment--left\">\n\t\t\t<h4 class=\"qodef-m-title\" style=\"color: #FAC33C;margin-top: 11px\">\n\t\t\t\t\tC\u00f3digos (clase colectiva de 60\u2019\/semana)\t\t\t<\/h4>\n\t\t\t<p class=\"qodef-m-text\" style=\"margin-top: -9px\">Los alumnos se inician en el lenguaje musical a trav\u00e9s de la pr\u00e1ctica de la lectura,\u00a0 el aprendizaje de los ritmos, la educaci\u00f3n del o\u00eddo, la afinaci\u00f3n y la pr\u00e1ctica de la improvisaci\u00f3n.<\/p>\n<\/div>\t\t\t\t<\/div>\n\t\t\t\t<\/div>\n\t\t\t\t<div class=\"elementor-element elementor-element-799aca5 elementor-widget elementor-widget-songbook_core_section_title\" data-id=\"799aca5\" data-element_type=\"widget\" data-e-type=\"widget\" data-widget_type=\"songbook_core_section_title.default\">\n\t\t\t\t<div class=\"elementor-widget-container\">\n\t\t\t\t\t<div class=\"qodef-shortcode qodef-m qodef-section-title qodef-alignment--left\">\n\t\t\t\t\t<p class=\"qodef-m-text\" style=\"margin-top: -9px\">Todos estos aspectos se trabajan a partir de una serie de ejercicios activos que tienen como objetivo que los alumnos adquieran un buen nivel de lenguaje de forma juguetona y colectiva.<\/p>\n<\/div>\t\t\t\t<\/div>\n\t\t\t\t<\/div>\n\t\t\t\t<div class=\"elementor-element elementor-element-10d1815 elementor-widget elementor-widget-songbook_core_section_title\" data-id=\"10d1815\" data-element_type=\"widget\" data-e-type=\"widget\" data-widget_type=\"songbook_core_section_title.default\">\n\t\t\t\t<div class=\"elementor-widget-container\">\n\t\t\t\t\t<div class=\"qodef-shortcode qodef-m qodef-section-title qodef-alignment--left\">\n\t\t\t\t\t<p class=\"qodef-m-text\" style=\"margin-top: -9px\">La asignatura de c\u00f3digos es obligatoria para poder tocar un instrumento.<\/p>\n<\/div>\t\t\t\t<\/div>\n\t\t\t\t<\/div>\n\t\t\t\t<div class=\"elementor-element elementor-element-c04742d elementor-widget elementor-widget-songbook_core_section_title\" data-id=\"c04742d\" data-element_type=\"widget\" data-e-type=\"widget\" data-widget_type=\"songbook_core_section_title.default\">\n\t\t\t\t<div class=\"elementor-widget-container\">\n\t\t\t\t\t<div class=\"qodef-shortcode qodef-m qodef-section-title qodef-alignment--left\">\n\t\t\t<h4 class=\"qodef-m-title\" style=\"color: #FAC33C;margin-top: 11px\">\n\t\t\t\t\tInstrumento individual (30\u2019\/semana)\t\t\t<\/h4>\n\t\t\t<p class=\"qodef-m-text\" style=\"margin-top: -9px\">Esta clase ofrece al alumnado la posibilidad de un aprendizaje individual y totalmente personalizado, puesto que permite a nuestros profesores adaptar la ense\u00f1anza a las necesidades, capacidades y estilo de aprendizaje de cada alumno.<\/p>\n<\/div>\t\t\t\t<\/div>\n\t\t\t\t<\/div>\n\t\t\t\t<div class=\"elementor-element elementor-element-00d9bb9 elementor-widget elementor-widget-songbook_core_section_title\" data-id=\"00d9bb9\" data-element_type=\"widget\" data-e-type=\"widget\" data-widget_type=\"songbook_core_section_title.default\">\n\t\t\t\t<div class=\"elementor-widget-container\">\n\t\t\t\t\t<div class=\"qodef-shortcode qodef-m qodef-section-title qodef-alignment--left\">\n\t\t\t\t\t<p class=\"qodef-m-text\" style=\"margin-top: -9px\">Se imparten clases de guitarra, bajo, piano, bater\u00eda, canto, viola, viol\u00edn, flauta travesera, clarinete, saxo, trompeta, tromb\u00f3n y bombardino.<\/p>\n<\/div>\t\t\t\t<\/div>\n\t\t\t\t<\/div>\n\t\t\t\t<div class=\"elementor-element elementor-element-213f5f7 elementor-widget elementor-widget-songbook_core_section_title\" data-id=\"213f5f7\" data-element_type=\"widget\" data-e-type=\"widget\" data-widget_type=\"songbook_core_section_title.default\">\n\t\t\t\t<div class=\"elementor-widget-container\">\n\t\t\t\t\t<div class=\"qodef-shortcode qodef-m qodef-section-title qodef-alignment--left\">\n\t\t\t<h3 class=\"qodef-m-title\" >\n\t\t\t\t\tAsignaturas optativas\t\t\t<\/h3>\n\t\t<\/div>\t\t\t\t<\/div>\n\t\t\t\t<\/div>\n\t\t\t\t<div class=\"elementor-element elementor-element-5a9dd77 elementor-widget elementor-widget-songbook_core_section_title\" data-id=\"5a9dd77\" data-element_type=\"widget\" data-e-type=\"widget\" data-widget_type=\"songbook_core_section_title.default\">\n\t\t\t\t<div class=\"elementor-widget-container\">\n\t\t\t\t\t<div class=\"qodef-shortcode qodef-m qodef-section-title qodef-alignment--left\">\n\t\t\t<h4 class=\"qodef-m-title\" style=\"color: #FAC33C;margin-top: 11px\">\n\t\t\t\t\tConjunto Vocal\t\t\t<\/h4>\n\t\t\t<p class=\"qodef-m-text\" style=\"margin-top: -9px\">Formar parte de un conjunto vocal permite al alumnado descubrir el canto como experiencia colectiva, mejorar la expresi\u00f3n musical y disfrutar de la interpretaci\u00f3n en grupo. A lo largo del curso se trabaja un repertorio variado, adecuado en la edad y en el nivel, con actuaciones abiertas al p\u00fablico en diferentes momentos del a\u00f1o.<\/p>\n<\/div>\t\t\t\t<\/div>\n\t\t\t\t<\/div>\n\t\t\t\t<div class=\"elementor-element elementor-element-2869207 elementor-widget elementor-widget-songbook_core_section_title\" data-id=\"2869207\" data-element_type=\"widget\" data-e-type=\"widget\" data-widget_type=\"songbook_core_section_title.default\">\n\t\t\t\t<div class=\"elementor-widget-container\">\n\t\t\t\t\t<div class=\"qodef-shortcode qodef-m qodef-section-title qodef-alignment--left\">\n\t\t\t\t\t<p class=\"qodef-m-text\" style=\"margin-top: -9px\">La participaci\u00f3n en un conjunto vocal requiere el compromiso de todo el curso y de asistir a los conciertos y actividades programadas, que son parte esencial del proceso formativo.<\/p>\n<\/div>\t\t\t\t<\/div>\n\t\t\t\t<\/div>\n\t\t\t\t<div class=\"elementor-element elementor-element-330b890 elementor-widget elementor-widget-songbook_core_section_title\" data-id=\"330b890\" data-element_type=\"widget\" data-e-type=\"widget\" data-widget_type=\"songbook_core_section_title.default\">\n\t\t\t\t<div class=\"elementor-widget-container\">\n\t\t\t\t\t<div class=\"qodef-shortcode qodef-m qodef-section-title qodef-alignment--left\">\n\t\t\t<h4 class=\"qodef-m-title\" style=\"color: #FAC33C;margin-top: 11px\">\n\t\t\t\t\tConjunto instrumental\t\t\t<\/h4>\n\t\t\t<p class=\"qodef-m-text\" style=\"margin-top: -9px\">Participar en un conjunto instrumental es una oportunidad para disfrutar de la m\u00fasica en grupo, compartir aprendizajes con otros alumnos y vivir la experiencia de hacer conciertos a lo largo del curso. Las formaciones pueden ser tanto de m\u00fasica de c\u00e1mara como de m\u00fasica moderna, seg\u00fan los intereses y el nivel del alumnado.<\/p>\n<\/div>\t\t\t\t<\/div>\n\t\t\t\t<\/div>\n\t\t\t\t<div class=\"elementor-element elementor-element-fe2c7e7 elementor-widget elementor-widget-songbook_core_section_title\" data-id=\"fe2c7e7\" data-element_type=\"widget\" data-e-type=\"widget\" data-widget_type=\"songbook_core_section_title.default\">\n\t\t\t\t<div class=\"elementor-widget-container\">\n\t\t\t\t\t<div class=\"qodef-shortcode qodef-m qodef-section-title qodef-alignment--left\">\n\t\t\t\t\t<p class=\"qodef-m-text\" style=\"margin-top: -9px\">Para poder acceder, hay que haber cursado como m\u00ednimo dos a\u00f1os de instrumento individual. La participaci\u00f3n en un conjunto implica el compromiso de todo el curso y de asistir a las actuaciones programadas, que forman parte del trabajo colectivo y del crecimiento musical de cada alumno.<\/p>\n<\/div>\t\t\t\t<\/div>\n\t\t\t\t<\/div>\n\t\t\t\t<div class=\"elementor-element elementor-element-bd4a68e elementor-widget elementor-widget-songbook_core_section_title\" data-id=\"bd4a68e\" data-element_type=\"widget\" data-e-type=\"widget\" data-widget_type=\"songbook_core_section_title.default\">\n\t\t\t\t<div class=\"elementor-widget-container\">\n\t\t\t\t\t<div class=\"qodef-shortcode qodef-m qodef-section-title qodef-alignment--left\">\n\t\t\t<h4 class=\"qodef-m-title\" style=\"color: #FAC33C;margin-top: 11px\">\n\t\t\t\t\tProducci\u00f3n musical\t\t\t<\/h4>\n\t\t\t<p class=\"qodef-m-text\" style=\"margin-top: -9px\">Esta asignatura optativa se dirige a #alumno a partir de los 10 a\u00f1os y ofrece una introducci\u00f3n pr\u00e1ctica y accesible en el mundo de la creaci\u00f3n musical a trav\u00e9s de las tecnolog\u00edas actuales. No se requieren conocimientos previos de lenguaje musical ni de instrumento, hecho que la convierte en una v\u00eda alternativa o complementaria en los estudios musicales tradicionales.<\/p>\n<\/div>\t\t\t\t<\/div>\n\t\t\t\t<\/div>\n\t\t\t\t<div class=\"elementor-element elementor-element-b38f762 elementor-widget elementor-widget-songbook_core_section_title\" data-id=\"b38f762\" data-element_type=\"widget\" data-e-type=\"widget\" data-widget_type=\"songbook_core_section_title.default\">\n\t\t\t\t<div class=\"elementor-widget-container\">\n\t\t\t\t\t<div class=\"qodef-shortcode qodef-m qodef-section-title qodef-alignment--left\">\n\t\t\t\t\t<p class=\"qodef-m-text\" style=\"margin-top: -9px\">La asignatura incluye contenidos como el uso de software de producci\u00f3n y edici\u00f3n de audio, t\u00e9cnicas b\u00e1sicas de grabaci\u00f3n y mezcla, y herramientas de composici\u00f3n para medios audiovisuales. Mediante proyectos pr\u00e1cticos, el alumnado trabaja con sonidos, ritmos y texturas, y desarrolla sus capacidades creativas y expresivas dentro del \u00e1mbito musical.<\/p>\n<\/div>\t\t\t\t<\/div>\n\t\t\t\t<\/div>\n\t\t\t\t\t<\/div>\n\t\t<\/div>\n\t\t\t\t\t<\/div>\n\t\t<\/section>\n\t\t\t\t<section class=\"elementor-section elementor-top-section elementor-element elementor-element-c0dacad elementor-section-full_width elementor-section-height-default elementor-section-height-default qodef-elementor-content-no\" data-id=\"c0dacad\" data-element_type=\"section\" data-e-type=\"section\">\n\t\t\t\t\t\t\t<div class=\"elementor-background-overlay\"><\/div>\n\t\t\t\t\t\t\t<div class=\"elementor-container elementor-column-gap-default\">\n\t\t\t\t\t<div class=\"elementor-column elementor-col-100 elementor-top-column elementor-element elementor-element-5d5f601\" data-id=\"5d5f601\" data-element_type=\"column\" data-e-type=\"column\" data-settings=\"{&quot;background_background&quot;:&quot;classic&quot;}\">\n\t\t\t<div class=\"elementor-widget-wrap\">\n\t\t\t\t\t\t\t<\/div>\n\t\t<\/div>\n\t\t\t\t\t<\/div>\n\t\t<\/section>\n\t\t\t\t<\/div>","protected":false},"excerpt":{"rendered":"<p>Durant el cicle mitj\u00e0, a part de les assignatures fixes de codis i instrument, l\u2019alumnat afegeix una assignatura optativa en funci\u00f3 dels seus interessos musicals i el seu nivell amb l\u2019instrument. Assignatures de base Codis (classe col.lectiva de 60\u2019\/setmana) Els alumnes s\u2019inicien en el llenguatge musical a trav\u00e9s de la pr\u00e0ctica de la lectura,\u00a0 l\u2019aprenentatge [&hellip;]<\/p>\n","protected":false},"author":1,"featured_media":0,"parent":0,"menu_order":0,"comment_status":"closed","ping_status":"closed","template":"page-full-width.php","meta":{"footnotes":""},"class_list":["post-7162","page","type-page","status-publish","hentry"],"yoast_head":"<!-- This site is optimized with the Yoast SEO plugin v27.5 - https:\/\/yoast.com\/product\/yoast-seo-wordpress\/ -->\n<title>Cicle mitj\u00e0 - 8 a 11 anys - \u00c0rtic - Escola de M\u00fasica<\/title>\n<meta name=\"robots\" content=\"index, follow, max-snippet:-1, max-image-preview:large, max-video-preview:-1\" \/>\n<link rel=\"canonical\" href=\"https:\/\/articmusica.com\/es\/ciclo-medio\/\" \/>\n<meta property=\"og:locale\" content=\"es_ES\" \/>\n<meta property=\"og:type\" content=\"article\" \/>\n<meta property=\"og:title\" content=\"Cicle mitj\u00e0 - 8 a 11 anys - \u00c0rtic - Escola de M\u00fasica\" \/>\n<meta property=\"og:description\" content=\"Durant el cicle mitj\u00e0, a part de les assignatures fixes de codis i instrument, l\u2019alumnat afegeix una assignatura optativa en funci\u00f3 dels seus interessos musicals i el seu nivell amb l\u2019instrument. Assignatures de base Codis (classe col.lectiva de 60\u2019\/setmana) Els alumnes s\u2019inicien en el llenguatge musical a trav\u00e9s de la pr\u00e0ctica de la lectura,\u00a0 l\u2019aprenentatge [&hellip;]\" \/>\n<meta property=\"og:url\" content=\"https:\/\/articmusica.com\/es\/ciclo-medio\/\" \/>\n<meta property=\"og:site_name\" content=\"\u00c0rtic - Escola de M\u00fasica\" \/>\n<meta property=\"article:modified_time\" content=\"2026-01-22T19:24:36+00:00\" \/>\n<meta name=\"twitter:card\" content=\"summary_large_image\" \/>\n<meta name=\"twitter:label1\" content=\"Tiempo de lectura\" \/>\n\t<meta name=\"twitter:data1\" content=\"3 minutos\" \/>\n<script type=\"application\/ld+json\" class=\"yoast-schema-graph\">{\"@context\":\"https:\\\/\\\/schema.org\",\"@graph\":[{\"@type\":\"WebPage\",\"@id\":\"https:\\\/\\\/articmusica.com\\\/cicle-mitja\\\/\",\"url\":\"https:\\\/\\\/articmusica.com\\\/cicle-mitja\\\/\",\"name\":\"Cicle mitj\u00e0 - 8 a 11 anys - \u00c0rtic - Escola de M\u00fasica\",\"isPartOf\":{\"@id\":\"https:\\\/\\\/articmusica.com\\\/#website\"},\"datePublished\":\"2025-11-16T09:31:17+00:00\",\"dateModified\":\"2026-01-22T19:24:36+00:00\",\"breadcrumb\":{\"@id\":\"https:\\\/\\\/articmusica.com\\\/cicle-mitja\\\/#breadcrumb\"},\"inLanguage\":\"es\",\"potentialAction\":[{\"@type\":\"ReadAction\",\"target\":[\"https:\\\/\\\/articmusica.com\\\/cicle-mitja\\\/\"]}]},{\"@type\":\"BreadcrumbList\",\"@id\":\"https:\\\/\\\/articmusica.com\\\/cicle-mitja\\\/#breadcrumb\",\"itemListElement\":[{\"@type\":\"ListItem\",\"position\":1,\"name\":\"Inici\",\"item\":\"https:\\\/\\\/articmusica.com\\\/\"},{\"@type\":\"ListItem\",\"position\":2,\"name\":\"Cicle mitj\u00e0 &#8211; 8 a 11 anys\"}]},{\"@type\":\"WebSite\",\"@id\":\"https:\\\/\\\/articmusica.com\\\/#website\",\"url\":\"https:\\\/\\\/articmusica.com\\\/\",\"name\":\"\u00c0rtic - Escola de M\u00fasica\",\"description\":\"\",\"potentialAction\":[{\"@type\":\"SearchAction\",\"target\":{\"@type\":\"EntryPoint\",\"urlTemplate\":\"https:\\\/\\\/articmusica.com\\\/?s={search_term_string}\"},\"query-input\":{\"@type\":\"PropertyValueSpecification\",\"valueRequired\":true,\"valueName\":\"search_term_string\"}}],\"inLanguage\":\"es\"}]}<\/script>\n<!-- \/ Yoast SEO plugin. -->","yoast_head_json":{"title":"Edad intermedia (de 8 a 11 a\u00f1os) - \u00c0rtic - Escuela de m\u00fasica","robots":{"index":"index","follow":"follow","max-snippet":"max-snippet:-1","max-image-preview":"max-image-preview:large","max-video-preview":"max-video-preview:-1"},"canonical":"https:\/\/articmusica.com\/es\/ciclo-medio\/","og_locale":"es_ES","og_type":"article","og_title":"Cicle mitj\u00e0 - 8 a 11 anys - \u00c0rtic - Escola de M\u00fasica","og_description":"Durant el cicle mitj\u00e0, a part de les assignatures fixes de codis i instrument, l\u2019alumnat afegeix una assignatura optativa en funci\u00f3 dels seus interessos musicals i el seu nivell amb l\u2019instrument. Assignatures de base Codis (classe col.lectiva de 60\u2019\/setmana) Els alumnes s\u2019inicien en el llenguatge musical a trav\u00e9s de la pr\u00e0ctica de la lectura,\u00a0 l\u2019aprenentatge [&hellip;]","og_url":"https:\/\/articmusica.com\/es\/ciclo-medio\/","og_site_name":"\u00c0rtic - Escola de M\u00fasica","article_modified_time":"2026-01-22T19:24:36+00:00","twitter_card":"summary_large_image","twitter_misc":{"Tiempo de lectura":"3 minutos"},"schema":{"@context":"https:\/\/schema.org","@graph":[{"@type":"WebPage","@id":"https:\/\/articmusica.com\/cicle-mitja\/","url":"https:\/\/articmusica.com\/cicle-mitja\/","name":"Edad intermedia (de 8 a 11 a\u00f1os) - \u00c0rtic - Escuela de m\u00fasica","isPartOf":{"@id":"https:\/\/articmusica.com\/#website"},"datePublished":"2025-11-16T09:31:17+00:00","dateModified":"2026-01-22T19:24:36+00:00","breadcrumb":{"@id":"https:\/\/articmusica.com\/cicle-mitja\/#breadcrumb"},"inLanguage":"es","potentialAction":[{"@type":"ReadAction","target":["https:\/\/articmusica.com\/cicle-mitja\/"]}]},{"@type":"BreadcrumbList","@id":"https:\/\/articmusica.com\/cicle-mitja\/#breadcrumb","itemListElement":[{"@type":"ListItem","position":1,"name":"Inici","item":"https:\/\/articmusica.com\/"},{"@type":"ListItem","position":2,"name":"Cicle mitj\u00e0 &#8211; 8 a 11 anys"}]},{"@type":"WebSite","@id":"https:\/\/articmusica.com\/#website","url":"https:\/\/articmusica.com\/","name":"\u00c0rtic - Escuela de M\u00fasica","description":"","potentialAction":[{"@type":"SearchAction","target":{"@type":"EntryPoint","urlTemplate":"https:\/\/articmusica.com\/?s={search_term_string}"},"query-input":{"@type":"PropertyValueSpecification","valueRequired":true,"valueName":"search_term_string"}}],"inLanguage":"es"}]}},"_links":{"self":[{"href":"https:\/\/articmusica.com\/es\/wp-json\/wp\/v2\/pages\/7162","targetHints":{"allow":["GET"]}}],"collection":[{"href":"https:\/\/articmusica.com\/es\/wp-json\/wp\/v2\/pages"}],"about":[{"href":"https:\/\/articmusica.com\/es\/wp-json\/wp\/v2\/types\/page"}],"author":[{"embeddable":true,"href":"https:\/\/articmusica.com\/es\/wp-json\/wp\/v2\/users\/1"}],"replies":[{"embeddable":true,"href":"https:\/\/articmusica.com\/es\/wp-json\/wp\/v2\/comments?post=7162"}],"version-history":[{"count":59,"href":"https:\/\/articmusica.com\/es\/wp-json\/wp\/v2\/pages\/7162\/revisions"}],"predecessor-version":[{"id":8524,"href":"https:\/\/articmusica.com\/es\/wp-json\/wp\/v2\/pages\/7162\/revisions\/8524"}],"wp:attachment":[{"href":"https:\/\/articmusica.com\/es\/wp-json\/wp\/v2\/media?parent=7162"}],"curies":[{"name":"wp","href":"https:\/\/api.w.org\/{rel}","templated":true}]}}