{"id":7085,"date":"2025-11-16T09:10:31","date_gmt":"2025-11-16T08:10:31","guid":{"rendered":"https:\/\/articmusica.com\/?page_id=7085"},"modified":"2026-01-22T20:23:30","modified_gmt":"2026-01-22T19:23:30","slug":"ciclo-inicial","status":"publish","type":"page","link":"https:\/\/articmusica.com\/es\/cicle-inicial\/","title":{"rendered":"Ciclo inicial - 6 y 7 a\u00f1os"},"content":{"rendered":"<div data-elementor-type=\"wp-page\" data-elementor-id=\"7085\" class=\"elementor elementor-7085\">\n\t\t\t\t\t\t<section class=\"elementor-section elementor-top-section elementor-element elementor-element-ba1b6df elementor-section-full_width elementor-section-content-middle elementor-section-height-default elementor-section-height-default qodef-elementor-content-no\" data-id=\"ba1b6df\" data-element_type=\"section\" data-e-type=\"section\">\n\t\t\t\t\t\t<div class=\"elementor-container elementor-column-gap-default\">\n\t\t\t\t\t<div class=\"elementor-column elementor-col-100 elementor-top-column elementor-element elementor-element-0f57e59\" data-id=\"0f57e59\" data-element_type=\"column\" data-e-type=\"column\">\n\t\t\t<div class=\"elementor-widget-wrap elementor-element-populated\">\n\t\t\t\t\t\t<div class=\"elementor-element elementor-element-65f5b10 elementor-widget elementor-widget-songbook_core_section_title\" data-id=\"65f5b10\" data-element_type=\"widget\" data-e-type=\"widget\" data-widget_type=\"songbook_core_section_title.default\">\n\t\t\t\t<div class=\"elementor-widget-container\">\n\t\t\t\t\t<div class=\"qodef-shortcode qodef-m qodef-section-title qodef-alignment--left\">\n\t\t\t\t\t<p class=\"qodef-m-text\" style=\"margin-top: -9px\">En este primer ciclo los alumnos empiezan la asignatura de C\u00d3DIGOS y tambi\u00e9n se inician en la elige del instrumento.<\/p>\n<\/div>\t\t\t\t<\/div>\n\t\t\t\t<\/div>\n\t\t\t\t<div class=\"elementor-element elementor-element-e4fb46e elementor-widget elementor-widget-songbook_core_section_title\" data-id=\"e4fb46e\" data-element_type=\"widget\" data-e-type=\"widget\" data-widget_type=\"songbook_core_section_title.default\">\n\t\t\t\t<div class=\"elementor-widget-container\">\n\t\t\t\t\t<div class=\"qodef-shortcode qodef-m qodef-section-title qodef-alignment--left\">\n\t\t\t<h4 class=\"qodef-m-title\" style=\"color: #FAC33C;margin-top: 11px\">\n\t\t\t\t\tC\u00f3digos (clase colectiva de 60\u2019\/semana)\t\t\t<\/h4>\n\t\t\t<p class=\"qodef-m-text\" style=\"margin-top: -9px\">Los alumnos se inician en el lenguaje musical a trav\u00e9s de la pr\u00e1ctica de la lectura,\u00a0 el aprendizaje de los ritmos, la educaci\u00f3n del o\u00eddo, la afinaci\u00f3n y la pr\u00e1ctica de la improvisaci\u00f3n.<\/p>\n<\/div>\t\t\t\t<\/div>\n\t\t\t\t<\/div>\n\t\t\t\t<div class=\"elementor-element elementor-element-73aaf2d elementor-widget elementor-widget-songbook_core_section_title\" data-id=\"73aaf2d\" data-element_type=\"widget\" data-e-type=\"widget\" data-widget_type=\"songbook_core_section_title.default\">\n\t\t\t\t<div class=\"elementor-widget-container\">\n\t\t\t\t\t<div class=\"qodef-shortcode qodef-m qodef-section-title qodef-alignment--left\">\n\t\t\t\t\t<p class=\"qodef-m-text\" style=\"margin-top: -9px\">Todos estos aspectos se trabajan a partir de una serie de ejercicios activos que tienen como objetivo que los alumnos adquieran un buen nivel de lenguaje de forma juguetona y colectiva.<\/p>\n<\/div>\t\t\t\t<\/div>\n\t\t\t\t<\/div>\n\t\t\t\t<div class=\"elementor-element elementor-element-1c90804 elementor-widget elementor-widget-songbook_core_section_title\" data-id=\"1c90804\" data-element_type=\"widget\" data-e-type=\"widget\" data-widget_type=\"songbook_core_section_title.default\">\n\t\t\t\t<div class=\"elementor-widget-container\">\n\t\t\t\t\t<div class=\"qodef-shortcode qodef-m qodef-section-title qodef-alignment--left\">\n\t\t\t\t\t<p class=\"qodef-m-text\" style=\"margin-top: -9px\">La asignatura de c\u00f3digos es obligatoria para poder tocar un instrumento.<\/p>\n<\/div>\t\t\t\t<\/div>\n\t\t\t\t<\/div>\n\t\t\t\t<div class=\"elementor-element elementor-element-ffe8ce2 elementor-widget elementor-widget-songbook_core_section_title\" data-id=\"ffe8ce2\" data-element_type=\"widget\" data-e-type=\"widget\" data-widget_type=\"songbook_core_section_title.default\">\n\t\t\t\t<div class=\"elementor-widget-container\">\n\t\t\t\t\t<div class=\"qodef-shortcode qodef-m qodef-section-title qodef-alignment--left\">\n\t\t\t<h4 class=\"qodef-m-title\" style=\"color: #FAC33C;margin-top: 11px\">\n\t\t\t\t\tInstrumento individual (30\u2019\/semana)\t\t\t<\/h4>\n\t\t\t<p class=\"qodef-m-text\" style=\"margin-top: -9px\">Esta clase ofrece al alumnado la posibilidad de un aprendizaje individual y totalmente personalizado, puesto que permite a nuestros profesores adaptar la ense\u00f1anza a las necesidades, capacidades y estilo de aprendizaje de cada alumno.<\/p>\n<\/div>\t\t\t\t<\/div>\n\t\t\t\t<\/div>\n\t\t\t\t<div class=\"elementor-element elementor-element-9767ba8 elementor-widget elementor-widget-songbook_core_section_title\" data-id=\"9767ba8\" data-element_type=\"widget\" data-e-type=\"widget\" data-widget_type=\"songbook_core_section_title.default\">\n\t\t\t\t<div class=\"elementor-widget-container\">\n\t\t\t\t\t<div class=\"qodef-shortcode qodef-m qodef-section-title qodef-alignment--left\">\n\t\t\t\t\t<p class=\"qodef-m-text\" style=\"margin-top: -9px\">Se imparten clases de guitarra, bajo, piano, bater\u00eda, canto, viola, viol\u00edn, flauta travesera, clarinete, saxo, trompeta, tromb\u00f3n y bombardino.<\/p>\n<\/div>\t\t\t\t<\/div>\n\t\t\t\t<\/div>\n\t\t\t\t<div class=\"elementor-element elementor-element-385c609 elementor-widget elementor-widget-songbook_core_section_title\" data-id=\"385c609\" data-element_type=\"widget\" data-e-type=\"widget\" data-widget_type=\"songbook_core_section_title.default\">\n\t\t\t\t<div class=\"elementor-widget-container\">\n\t\t\t\t\t<div class=\"qodef-shortcode qodef-m qodef-section-title qodef-alignment--left\">\n\t\t\t\t\t<p class=\"qodef-m-text\" style=\"margin-top: -9px\">A pesar de que a los 6 a\u00f1os ya se puede empezar instrumento, os recomendamos que esta edad hagan primero la rueda de instrumentos.<\/p>\n<\/div>\t\t\t\t<\/div>\n\t\t\t\t<\/div>\n\t\t\t\t<div class=\"elementor-element elementor-element-43fcd84 elementor-widget elementor-widget-songbook_core_section_title\" data-id=\"43fcd84\" data-element_type=\"widget\" data-e-type=\"widget\" data-widget_type=\"songbook_core_section_title.default\">\n\t\t\t\t<div class=\"elementor-widget-container\">\n\t\t\t\t\t<div class=\"qodef-shortcode qodef-m qodef-section-title qodef-alignment--left\">\n\t\t\t<h4 class=\"qodef-m-title\" style=\"color: #FAC33C;margin-top: 11px\">\n\t\t\t\t\tRueda de instrumentos\t\t\t<\/h4>\n\t\t\t<p class=\"qodef-m-text\" style=\"margin-top: -9px\">A lo largo del segundo trimestre se organizan sesiones en las que los alumnos pueden probar y conocer de bien cerca los instrumentos que ofrecemos en la escuela con el objetivo de ayudarlos a hacer la elige del instrumento en el que se iniciar\u00e1n a partir de los 7 o 8 a\u00f1os.<\/p>\n<\/div>\t\t\t\t<\/div>\n\t\t\t\t<\/div>\n\t\t\t\t<div class=\"elementor-element elementor-element-4542df0 elementor-widget elementor-widget-songbook_core_section_title\" data-id=\"4542df0\" data-element_type=\"widget\" data-e-type=\"widget\" data-widget_type=\"songbook_core_section_title.default\">\n\t\t\t\t<div class=\"elementor-widget-container\">\n\t\t\t\t\t<div class=\"qodef-shortcode qodef-m qodef-section-title qodef-alignment--left\">\n\t\t\t<h4 class=\"qodef-m-title\" style=\"color: #FAC33C;margin-top: 11px\">\n\t\t\t\t\tCoraz\u00f3n infantil (clase colectiva de 45\u2019\/semana)\t\t\t<\/h4>\n\t\t\t<p class=\"qodef-m-text\" style=\"margin-top: -9px\">Asignatura optativa recomendada a partir de los 6 a\u00f1os para una formaci\u00f3n musical m\u00e1s completa.<\/p>\n<\/div>\t\t\t\t<\/div>\n\t\t\t\t<\/div>\n\t\t\t\t<div class=\"elementor-element elementor-element-2b18c14 elementor-widget elementor-widget-songbook_core_section_title\" data-id=\"2b18c14\" data-element_type=\"widget\" data-e-type=\"widget\" data-widget_type=\"songbook_core_section_title.default\">\n\t\t\t\t<div class=\"elementor-widget-container\">\n\t\t\t\t\t<div class=\"qodef-shortcode qodef-m qodef-section-title qodef-alignment--left\">\n\t\t\t\t\t<p class=\"qodef-m-text\" style=\"margin-top: -9px\">Cantar en un coraz\u00f3n no solo nos proporciona un buen bagaje musical y esc\u00e9nico sino tambi\u00e9n un gran trabajo de la voz y de la escucha que nos conecta con la m\u00fasica de una manera muy directa.<\/p>\n<\/div>\t\t\t\t<\/div>\n\t\t\t\t<\/div>\n\t\t\t\t\t<\/div>\n\t\t<\/div>\n\t\t\t\t\t<\/div>\n\t\t<\/section>\n\t\t\t\t<section class=\"elementor-section elementor-top-section elementor-element elementor-element-fac7bbb elementor-section-full_width elementor-section-height-default elementor-section-height-default qodef-elementor-content-no\" data-id=\"fac7bbb\" data-element_type=\"section\" data-e-type=\"section\">\n\t\t\t\t\t\t\t<div class=\"elementor-background-overlay\"><\/div>\n\t\t\t\t\t\t\t<div class=\"elementor-container elementor-column-gap-default\">\n\t\t\t\t\t<div class=\"elementor-column elementor-col-100 elementor-top-column elementor-element elementor-element-0546f1f\" data-id=\"0546f1f\" data-element_type=\"column\" data-e-type=\"column\" data-settings=\"{&quot;background_background&quot;:&quot;classic&quot;}\">\n\t\t\t<div class=\"elementor-widget-wrap\">\n\t\t\t\t\t\t\t<\/div>\n\t\t<\/div>\n\t\t\t\t\t<\/div>\n\t\t<\/section>\n\t\t\t\t<\/div>","protected":false},"excerpt":{"rendered":"<p>En aquest primer cicle els alumnes comencen l\u2019assignatura de CODIS i tamb\u00e9 s\u2019inicien en la tria de l\u2019instrument. Codis (classe col.lectiva de 60\u2019\/setmana) Els alumnes s\u2019inicien en el llenguatge musical a trav\u00e9s de la pr\u00e0ctica de la lectura,\u00a0 l\u2019aprenentatge dels ritmes, l\u2019educaci\u00f3 de l\u2019o\u00efda, l\u2019afinaci\u00f3 i la pr\u00e0ctica de la improvisaci\u00f3. Tots aquests aspectes es [&hellip;]<\/p>\n","protected":false},"author":1,"featured_media":0,"parent":0,"menu_order":0,"comment_status":"closed","ping_status":"closed","template":"page-full-width.php","meta":{"footnotes":""},"class_list":["post-7085","page","type-page","status-publish","hentry"],"yoast_head":"<!-- This site is optimized with the Yoast SEO plugin v27.5 - https:\/\/yoast.com\/product\/yoast-seo-wordpress\/ -->\n<title>Cicle inicial - 6 i 7 anys - \u00c0rtic - Escola de M\u00fasica<\/title>\n<meta name=\"robots\" content=\"index, follow, max-snippet:-1, max-image-preview:large, max-video-preview:-1\" \/>\n<link rel=\"canonical\" href=\"https:\/\/articmusica.com\/es\/ciclo-inicial\/\" \/>\n<meta property=\"og:locale\" content=\"es_ES\" \/>\n<meta property=\"og:type\" content=\"article\" \/>\n<meta property=\"og:title\" content=\"Cicle inicial - 6 i 7 anys - \u00c0rtic - Escola de M\u00fasica\" \/>\n<meta property=\"og:description\" content=\"En aquest primer cicle els alumnes comencen l\u2019assignatura de CODIS i tamb\u00e9 s\u2019inicien en la tria de l\u2019instrument. Codis (classe col.lectiva de 60\u2019\/setmana) Els alumnes s\u2019inicien en el llenguatge musical a trav\u00e9s de la pr\u00e0ctica de la lectura,\u00a0 l\u2019aprenentatge dels ritmes, l\u2019educaci\u00f3 de l\u2019o\u00efda, l\u2019afinaci\u00f3 i la pr\u00e0ctica de la improvisaci\u00f3. Tots aquests aspectes es [&hellip;]\" \/>\n<meta property=\"og:url\" content=\"https:\/\/articmusica.com\/es\/ciclo-inicial\/\" \/>\n<meta property=\"og:site_name\" content=\"\u00c0rtic - Escola de M\u00fasica\" \/>\n<meta property=\"article:modified_time\" content=\"2026-01-22T19:23:30+00:00\" \/>\n<meta name=\"twitter:card\" content=\"summary_large_image\" \/>\n<meta name=\"twitter:label1\" content=\"Tiempo de lectura\" \/>\n\t<meta name=\"twitter:data1\" content=\"2 minutos\" \/>\n<script type=\"application\/ld+json\" class=\"yoast-schema-graph\">{\"@context\":\"https:\\\/\\\/schema.org\",\"@graph\":[{\"@type\":\"WebPage\",\"@id\":\"https:\\\/\\\/articmusica.com\\\/cicle-inicial\\\/\",\"url\":\"https:\\\/\\\/articmusica.com\\\/cicle-inicial\\\/\",\"name\":\"Cicle inicial - 6 i 7 anys - \u00c0rtic - Escola de M\u00fasica\",\"isPartOf\":{\"@id\":\"https:\\\/\\\/articmusica.com\\\/#website\"},\"datePublished\":\"2025-11-16T08:10:31+00:00\",\"dateModified\":\"2026-01-22T19:23:30+00:00\",\"breadcrumb\":{\"@id\":\"https:\\\/\\\/articmusica.com\\\/cicle-inicial\\\/#breadcrumb\"},\"inLanguage\":\"es\",\"potentialAction\":[{\"@type\":\"ReadAction\",\"target\":[\"https:\\\/\\\/articmusica.com\\\/cicle-inicial\\\/\"]}]},{\"@type\":\"BreadcrumbList\",\"@id\":\"https:\\\/\\\/articmusica.com\\\/cicle-inicial\\\/#breadcrumb\",\"itemListElement\":[{\"@type\":\"ListItem\",\"position\":1,\"name\":\"Inici\",\"item\":\"https:\\\/\\\/articmusica.com\\\/\"},{\"@type\":\"ListItem\",\"position\":2,\"name\":\"Cicle inicial &#8211; 6 i 7 anys\"}]},{\"@type\":\"WebSite\",\"@id\":\"https:\\\/\\\/articmusica.com\\\/#website\",\"url\":\"https:\\\/\\\/articmusica.com\\\/\",\"name\":\"\u00c0rtic - Escola de M\u00fasica\",\"description\":\"\",\"potentialAction\":[{\"@type\":\"SearchAction\",\"target\":{\"@type\":\"EntryPoint\",\"urlTemplate\":\"https:\\\/\\\/articmusica.com\\\/?s={search_term_string}\"},\"query-input\":{\"@type\":\"PropertyValueSpecification\",\"valueRequired\":true,\"valueName\":\"search_term_string\"}}],\"inLanguage\":\"es\"}]}<\/script>\n<!-- \/ Yoast SEO plugin. -->","yoast_head_json":{"title":"Primeros a\u00f1os - 6 y 7 a\u00f1os - \u00c0rtic - Escuela de m\u00fasica","robots":{"index":"index","follow":"follow","max-snippet":"max-snippet:-1","max-image-preview":"max-image-preview:large","max-video-preview":"max-video-preview:-1"},"canonical":"https:\/\/articmusica.com\/es\/ciclo-inicial\/","og_locale":"es_ES","og_type":"article","og_title":"Cicle inicial - 6 i 7 anys - \u00c0rtic - Escola de M\u00fasica","og_description":"En aquest primer cicle els alumnes comencen l\u2019assignatura de CODIS i tamb\u00e9 s\u2019inicien en la tria de l\u2019instrument. Codis (classe col.lectiva de 60\u2019\/setmana) Els alumnes s\u2019inicien en el llenguatge musical a trav\u00e9s de la pr\u00e0ctica de la lectura,\u00a0 l\u2019aprenentatge dels ritmes, l\u2019educaci\u00f3 de l\u2019o\u00efda, l\u2019afinaci\u00f3 i la pr\u00e0ctica de la improvisaci\u00f3. Tots aquests aspectes es [&hellip;]","og_url":"https:\/\/articmusica.com\/es\/ciclo-inicial\/","og_site_name":"\u00c0rtic - Escola de M\u00fasica","article_modified_time":"2026-01-22T19:23:30+00:00","twitter_card":"summary_large_image","twitter_misc":{"Tiempo de lectura":"2 minutos"},"schema":{"@context":"https:\/\/schema.org","@graph":[{"@type":"WebPage","@id":"https:\/\/articmusica.com\/cicle-inicial\/","url":"https:\/\/articmusica.com\/cicle-inicial\/","name":"Primeros a\u00f1os - 6 y 7 a\u00f1os - \u00c0rtic - Escuela de m\u00fasica","isPartOf":{"@id":"https:\/\/articmusica.com\/#website"},"datePublished":"2025-11-16T08:10:31+00:00","dateModified":"2026-01-22T19:23:30+00:00","breadcrumb":{"@id":"https:\/\/articmusica.com\/cicle-inicial\/#breadcrumb"},"inLanguage":"es","potentialAction":[{"@type":"ReadAction","target":["https:\/\/articmusica.com\/cicle-inicial\/"]}]},{"@type":"BreadcrumbList","@id":"https:\/\/articmusica.com\/cicle-inicial\/#breadcrumb","itemListElement":[{"@type":"ListItem","position":1,"name":"Inici","item":"https:\/\/articmusica.com\/"},{"@type":"ListItem","position":2,"name":"Cicle inicial &#8211; 6 i 7 anys"}]},{"@type":"WebSite","@id":"https:\/\/articmusica.com\/#website","url":"https:\/\/articmusica.com\/","name":"\u00c0rtic - Escuela de M\u00fasica","description":"","potentialAction":[{"@type":"SearchAction","target":{"@type":"EntryPoint","urlTemplate":"https:\/\/articmusica.com\/?s={search_term_string}"},"query-input":{"@type":"PropertyValueSpecification","valueRequired":true,"valueName":"search_term_string"}}],"inLanguage":"es"}]}},"_links":{"self":[{"href":"https:\/\/articmusica.com\/es\/wp-json\/wp\/v2\/pages\/7085","targetHints":{"allow":["GET"]}}],"collection":[{"href":"https:\/\/articmusica.com\/es\/wp-json\/wp\/v2\/pages"}],"about":[{"href":"https:\/\/articmusica.com\/es\/wp-json\/wp\/v2\/types\/page"}],"author":[{"embeddable":true,"href":"https:\/\/articmusica.com\/es\/wp-json\/wp\/v2\/users\/1"}],"replies":[{"embeddable":true,"href":"https:\/\/articmusica.com\/es\/wp-json\/wp\/v2\/comments?post=7085"}],"version-history":[{"count":57,"href":"https:\/\/articmusica.com\/es\/wp-json\/wp\/v2\/pages\/7085\/revisions"}],"predecessor-version":[{"id":8521,"href":"https:\/\/articmusica.com\/es\/wp-json\/wp\/v2\/pages\/7085\/revisions\/8521"}],"wp:attachment":[{"href":"https:\/\/articmusica.com\/es\/wp-json\/wp\/v2\/media?parent=7085"}],"curies":[{"name":"wp","href":"https:\/\/api.w.org\/{rel}","templated":true}]}}