{"id":6953,"date":"2025-11-14T14:54:49","date_gmt":"2025-11-14T13:54:49","guid":{"rendered":"https:\/\/articmusica.com\/?page_id=6953"},"modified":"2026-02-24T20:37:29","modified_gmt":"2026-02-24T19:37:29","slug":"clases-para-adultos","status":"publish","type":"page","link":"https:\/\/articmusica.com\/es\/classes-per-adults\/","title":{"rendered":"Clases para adultos \u2013 14+ a\u00f1os"},"content":{"rendered":"<div data-elementor-type=\"wp-page\" data-elementor-id=\"6953\" class=\"elementor elementor-6953\">\n\t\t\t\t\t\t<section class=\"elementor-section elementor-top-section elementor-element elementor-element-d387419 qodef-elementor-content-grid elementor-section-full_width elementor-section-content-middle elementor-section-height-default elementor-section-height-default\" data-id=\"d387419\" data-element_type=\"section\" data-e-type=\"section\">\n\t\t\t\t\t\t<div class=\"elementor-container elementor-column-gap-default\">\n\t\t\t\t\t<div class=\"elementor-column elementor-col-50 elementor-top-column elementor-element elementor-element-e0db965\" data-id=\"e0db965\" data-element_type=\"column\" data-e-type=\"column\" data-settings=\"{&quot;background_background&quot;:&quot;classic&quot;}\">\n\t\t\t<div class=\"elementor-widget-wrap elementor-element-populated\">\n\t\t\t\t\t\t<div class=\"elementor-element elementor-element-92aea4f elementor-widget elementor-widget-image\" data-id=\"92aea4f\" data-element_type=\"widget\" data-e-type=\"widget\" data-widget_type=\"image.default\">\n\t\t\t\t\t\t\t\t\t\t\t\t\t\t\t<img decoding=\"async\" src=\"https:\/\/articmusica.com\/wp-content\/uploads\/elementor\/thumbs\/Artic31-rjn1pond4oyv1w81vm3g8heebc6n02b4cu8pjm61yo.png\" title=\"Art\u00edculo 31\" alt=\"Tocando juntos\" loading=\"lazy\" \/>\t\t\t\t\t\t\t\t\t\t\t\t\t\t\t<\/div>\n\t\t\t\t\t<\/div>\n\t\t<\/div>\n\t\t\t\t<div class=\"elementor-column elementor-col-50 elementor-top-column elementor-element elementor-element-29089b2\" data-id=\"29089b2\" data-element_type=\"column\" data-e-type=\"column\" data-settings=\"{&quot;background_background&quot;:&quot;classic&quot;}\">\n\t\t\t<div class=\"elementor-widget-wrap elementor-element-populated\">\n\t\t\t\t\t\t<div class=\"elementor-element elementor-element-196059c elementor-widget elementor-widget-songbook_core_section_title\" data-id=\"196059c\" data-element_type=\"widget\" data-e-type=\"widget\" data-widget_type=\"songbook_core_section_title.default\">\n\t\t\t\t<div class=\"elementor-widget-container\">\n\t\t\t\t\t<div class=\"qodef-shortcode qodef-m qodef-section-title qodef-alignment--left\">\n\t\t\t\t\t<p class=\"qodef-m-text\" style=\"margin-top: -9px\">En el \u00c1rtico ofrecemos clases individuales de instrumento pensadas especialmente para adultos. Adaptamos cada sesi\u00f3n al nivel, a los horarios y a los intereses de cada alumno, con una atenci\u00f3n personalizada en un espacio flexible y acogedor para hacer crecer tu pasi\u00f3n por la m\u00fasica, sea qu\u00e9 sea tu punto de partida. <\/p>\n<\/div>\t\t\t\t<\/div>\n\t\t\t\t<\/div>\n\t\t\t\t<div class=\"elementor-element elementor-element-cb6a7b0 elementor-widget elementor-widget-songbook_core_section_title\" data-id=\"cb6a7b0\" data-element_type=\"widget\" data-e-type=\"widget\" data-widget_type=\"songbook_core_section_title.default\">\n\t\t\t\t<div class=\"elementor-widget-container\">\n\t\t\t\t\t<div class=\"qodef-shortcode qodef-m qodef-section-title qodef-alignment--left\">\n\t\t\t\t\t<p class=\"qodef-m-text\" style=\"margin-top: -9px\">Se imparten clases de guitarra, bajo, piano, bater\u00eda, canto, viola, viol\u00edn, flauta *travesera, clarinete, *saxo, trompeta, tromb\u00f3n y bombardino. <\/p>\n<\/div>\t\t\t\t<\/div>\n\t\t\t\t<\/div>\n\t\t\t\t<div class=\"elementor-element elementor-element-803a924 elementor-widget elementor-widget-songbook_core_section_title\" data-id=\"803a924\" data-element_type=\"widget\" data-e-type=\"widget\" data-widget_type=\"songbook_core_section_title.default\">\n\t\t\t\t<div class=\"elementor-widget-container\">\n\t\t\t\t\t<div class=\"qodef-shortcode qodef-m qodef-section-title qodef-alignment--left\">\n\t\t\t\t\t<p class=\"qodef-m-text\" style=\"margin-top: -9px\">Tambi\u00e9n ofrecemos, de manera opcional, actividades colectivas como lenguaje musical, cultura musical y conjuntos instrumentales o vocales, que permiten ampliar conocimientos y disfrutar de la m\u00fasica en grupo. <\/p>\n<\/div>\t\t\t\t<\/div>\n\t\t\t\t<\/div>\n\t\t\t\t\t<\/div>\n\t\t<\/div>\n\t\t\t\t\t<\/div>\n\t\t<\/section>\n\t\t\t\t<section class=\"elementor-section elementor-top-section elementor-element elementor-element-38ba4ec elementor-section-boxed elementor-section-height-default elementor-section-height-default qodef-elementor-content-no\" data-id=\"38ba4ec\" data-element_type=\"section\" data-e-type=\"section\" data-settings=\"{&quot;background_background&quot;:&quot;classic&quot;}\">\n\t\t\t\t\t\t<div class=\"elementor-container elementor-column-gap-default\">\n\t\t\t\t\t<div class=\"elementor-column elementor-col-100 elementor-top-column elementor-element elementor-element-595801a\" data-id=\"595801a\" data-element_type=\"column\" data-e-type=\"column\">\n\t\t\t<div class=\"elementor-widget-wrap elementor-element-populated\">\n\t\t\t\t\t\t<div class=\"elementor-element elementor-element-4745c9e elementor-widget-divider--view-line elementor-widget elementor-widget-divider\" data-id=\"4745c9e\" data-element_type=\"widget\" data-e-type=\"widget\" data-widget_type=\"divider.default\">\n\t\t\t\t\t\t\t<div class=\"elementor-divider\">\n\t\t\t<span class=\"elementor-divider-separator\">\n\t\t\t\t\t\t<\/span>\n\t\t<\/div>\n\t\t\t\t\t\t<\/div>\n\t\t\t\t\t<\/div>\n\t\t<\/div>\n\t\t\t\t\t<\/div>\n\t\t<\/section>\n\t\t\t\t<\/div>","protected":false},"excerpt":{"rendered":"<p>A l\u2019\u00c0rtic oferim classes individuals d\u2019instrument pensades especialment per a adults. Adaptem cada sessi\u00f3 al nivell, als horaris i als interessos de cada alumne, amb una atenci\u00f3 personalitzada en un espai flexible i acollidor per fer cr\u00e9ixer la teva passi\u00f3 per la m\u00fasica, sigui quin sigui el teu punt de partida. S\u2019imparteixen classes de guitarra, [&hellip;]<\/p>\n","protected":false},"author":1,"featured_media":0,"parent":0,"menu_order":0,"comment_status":"closed","ping_status":"closed","template":"page-full-width.php","meta":{"footnotes":""},"class_list":["post-6953","page","type-page","status-publish","hentry"],"yoast_head":"<!-- This site is optimized with the Yoast SEO plugin v27.5 - https:\/\/yoast.com\/product\/yoast-seo-wordpress\/ -->\n<title>Classes per adults - 14+ anys - \u00c0rtic - Escola de M\u00fasica<\/title>\n<meta name=\"robots\" content=\"index, follow, max-snippet:-1, max-image-preview:large, max-video-preview:-1\" \/>\n<link rel=\"canonical\" href=\"https:\/\/articmusica.com\/es\/clases-para-adultos\/\" \/>\n<meta property=\"og:locale\" content=\"es_ES\" \/>\n<meta property=\"og:type\" content=\"article\" \/>\n<meta property=\"og:title\" content=\"Classes per adults - 14+ anys - \u00c0rtic - Escola de M\u00fasica\" \/>\n<meta property=\"og:description\" content=\"A l\u2019\u00c0rtic oferim classes individuals d\u2019instrument pensades especialment per a adults. Adaptem cada sessi\u00f3 al nivell, als horaris i als interessos de cada alumne, amb una atenci\u00f3 personalitzada en un espai flexible i acollidor per fer cr\u00e9ixer la teva passi\u00f3 per la m\u00fasica, sigui quin sigui el teu punt de partida. S\u2019imparteixen classes de guitarra, [&hellip;]\" \/>\n<meta property=\"og:url\" content=\"https:\/\/articmusica.com\/es\/clases-para-adultos\/\" \/>\n<meta property=\"og:site_name\" content=\"\u00c0rtic - Escola de M\u00fasica\" \/>\n<meta property=\"article:modified_time\" content=\"2026-02-24T19:37:29+00:00\" \/>\n<meta property=\"og:image\" content=\"https:\/\/articmusica.com\/wp-content\/uploads\/elementor\/thumbs\/Artic31-rjn1pond4oyv1w81vm3g8heebc6n02b4cu8pjm61yo.png\" \/>\n<meta name=\"twitter:card\" content=\"summary_large_image\" \/>\n<meta name=\"twitter:label1\" content=\"Tiempo de lectura\" \/>\n\t<meta name=\"twitter:data1\" content=\"1 minuto\" \/>\n<script type=\"application\/ld+json\" class=\"yoast-schema-graph\">{\"@context\":\"https:\\\/\\\/schema.org\",\"@graph\":[{\"@type\":\"WebPage\",\"@id\":\"https:\\\/\\\/articmusica.com\\\/classes-per-adults\\\/\",\"url\":\"https:\\\/\\\/articmusica.com\\\/classes-per-adults\\\/\",\"name\":\"Classes per adults - 14+ anys - \u00c0rtic - Escola de M\u00fasica\",\"isPartOf\":{\"@id\":\"https:\\\/\\\/articmusica.com\\\/#website\"},\"primaryImageOfPage\":{\"@id\":\"https:\\\/\\\/articmusica.com\\\/classes-per-adults\\\/#primaryimage\"},\"image\":{\"@id\":\"https:\\\/\\\/articmusica.com\\\/classes-per-adults\\\/#primaryimage\"},\"thumbnailUrl\":\"https:\\\/\\\/articmusica.com\\\/wp-content\\\/uploads\\\/elementor\\\/thumbs\\\/Artic31-rjn1pond4oyv1w81vm3g8heebc6n02b4cu8pjm61yo.png\",\"datePublished\":\"2025-11-14T13:54:49+00:00\",\"dateModified\":\"2026-02-24T19:37:29+00:00\",\"breadcrumb\":{\"@id\":\"https:\\\/\\\/articmusica.com\\\/classes-per-adults\\\/#breadcrumb\"},\"inLanguage\":\"es\",\"potentialAction\":[{\"@type\":\"ReadAction\",\"target\":[\"https:\\\/\\\/articmusica.com\\\/classes-per-adults\\\/\"]}]},{\"@type\":\"ImageObject\",\"inLanguage\":\"es\",\"@id\":\"https:\\\/\\\/articmusica.com\\\/classes-per-adults\\\/#primaryimage\",\"url\":\"https:\\\/\\\/articmusica.com\\\/wp-content\\\/uploads\\\/elementor\\\/thumbs\\\/Artic31-rjn1pond4oyv1w81vm3g8heebc6n02b4cu8pjm61yo.png\",\"contentUrl\":\"https:\\\/\\\/articmusica.com\\\/wp-content\\\/uploads\\\/elementor\\\/thumbs\\\/Artic31-rjn1pond4oyv1w81vm3g8heebc6n02b4cu8pjm61yo.png\"},{\"@type\":\"BreadcrumbList\",\"@id\":\"https:\\\/\\\/articmusica.com\\\/classes-per-adults\\\/#breadcrumb\",\"itemListElement\":[{\"@type\":\"ListItem\",\"position\":1,\"name\":\"Inici\",\"item\":\"https:\\\/\\\/articmusica.com\\\/\"},{\"@type\":\"ListItem\",\"position\":2,\"name\":\"Classes per adults &#8211; 14+ anys\"}]},{\"@type\":\"WebSite\",\"@id\":\"https:\\\/\\\/articmusica.com\\\/#website\",\"url\":\"https:\\\/\\\/articmusica.com\\\/\",\"name\":\"\u00c0rtic - Escola de M\u00fasica\",\"description\":\"\",\"potentialAction\":[{\"@type\":\"SearchAction\",\"target\":{\"@type\":\"EntryPoint\",\"urlTemplate\":\"https:\\\/\\\/articmusica.com\\\/?s={search_term_string}\"},\"query-input\":{\"@type\":\"PropertyValueSpecification\",\"valueRequired\":true,\"valueName\":\"search_term_string\"}}],\"inLanguage\":\"es\"}]}<\/script>\n<!-- \/ Yoast SEO plugin. -->","yoast_head_json":{"title":"Clases para adultos - mayores de 14 a\u00f1os - \u00c0rtic - Escuela de M\u00fasica","robots":{"index":"index","follow":"follow","max-snippet":"max-snippet:-1","max-image-preview":"max-image-preview:large","max-video-preview":"max-video-preview:-1"},"canonical":"https:\/\/articmusica.com\/es\/clases-para-adultos\/","og_locale":"es_ES","og_type":"article","og_title":"Classes per adults - 14+ anys - \u00c0rtic - Escola de M\u00fasica","og_description":"A l\u2019\u00c0rtic oferim classes individuals d\u2019instrument pensades especialment per a adults. Adaptem cada sessi\u00f3 al nivell, als horaris i als interessos de cada alumne, amb una atenci\u00f3 personalitzada en un espai flexible i acollidor per fer cr\u00e9ixer la teva passi\u00f3 per la m\u00fasica, sigui quin sigui el teu punt de partida. S\u2019imparteixen classes de guitarra, [&hellip;]","og_url":"https:\/\/articmusica.com\/es\/clases-para-adultos\/","og_site_name":"\u00c0rtic - Escola de M\u00fasica","article_modified_time":"2026-02-24T19:37:29+00:00","og_image":[{"url":"https:\/\/articmusica.com\/wp-content\/uploads\/elementor\/thumbs\/Artic31-rjn1pond4oyv1w81vm3g8heebc6n02b4cu8pjm61yo.png","type":"","width":"","height":""}],"twitter_card":"summary_large_image","twitter_misc":{"Tiempo de lectura":"1 minuto"},"schema":{"@context":"https:\/\/schema.org","@graph":[{"@type":"WebPage","@id":"https:\/\/articmusica.com\/classes-per-adults\/","url":"https:\/\/articmusica.com\/classes-per-adults\/","name":"Clases para adultos - mayores de 14 a\u00f1os - \u00c0rtic - Escuela de M\u00fasica","isPartOf":{"@id":"https:\/\/articmusica.com\/#website"},"primaryImageOfPage":{"@id":"https:\/\/articmusica.com\/classes-per-adults\/#primaryimage"},"image":{"@id":"https:\/\/articmusica.com\/classes-per-adults\/#primaryimage"},"thumbnailUrl":"https:\/\/articmusica.com\/wp-content\/uploads\/elementor\/thumbs\/Artic31-rjn1pond4oyv1w81vm3g8heebc6n02b4cu8pjm61yo.png","datePublished":"2025-11-14T13:54:49+00:00","dateModified":"2026-02-24T19:37:29+00:00","breadcrumb":{"@id":"https:\/\/articmusica.com\/classes-per-adults\/#breadcrumb"},"inLanguage":"es","potentialAction":[{"@type":"ReadAction","target":["https:\/\/articmusica.com\/classes-per-adults\/"]}]},{"@type":"ImageObject","inLanguage":"es","@id":"https:\/\/articmusica.com\/classes-per-adults\/#primaryimage","url":"https:\/\/articmusica.com\/wp-content\/uploads\/elementor\/thumbs\/Artic31-rjn1pond4oyv1w81vm3g8heebc6n02b4cu8pjm61yo.png","contentUrl":"https:\/\/articmusica.com\/wp-content\/uploads\/elementor\/thumbs\/Artic31-rjn1pond4oyv1w81vm3g8heebc6n02b4cu8pjm61yo.png"},{"@type":"BreadcrumbList","@id":"https:\/\/articmusica.com\/classes-per-adults\/#breadcrumb","itemListElement":[{"@type":"ListItem","position":1,"name":"Inici","item":"https:\/\/articmusica.com\/"},{"@type":"ListItem","position":2,"name":"Classes per adults &#8211; 14+ anys"}]},{"@type":"WebSite","@id":"https:\/\/articmusica.com\/#website","url":"https:\/\/articmusica.com\/","name":"\u00c0rtic - Escuela de M\u00fasica","description":"","potentialAction":[{"@type":"SearchAction","target":{"@type":"EntryPoint","urlTemplate":"https:\/\/articmusica.com\/?s={search_term_string}"},"query-input":{"@type":"PropertyValueSpecification","valueRequired":true,"valueName":"search_term_string"}}],"inLanguage":"es"}]}},"_links":{"self":[{"href":"https:\/\/articmusica.com\/es\/wp-json\/wp\/v2\/pages\/6953","targetHints":{"allow":["GET"]}}],"collection":[{"href":"https:\/\/articmusica.com\/es\/wp-json\/wp\/v2\/pages"}],"about":[{"href":"https:\/\/articmusica.com\/es\/wp-json\/wp\/v2\/types\/page"}],"author":[{"embeddable":true,"href":"https:\/\/articmusica.com\/es\/wp-json\/wp\/v2\/users\/1"}],"replies":[{"embeddable":true,"href":"https:\/\/articmusica.com\/es\/wp-json\/wp\/v2\/comments?post=6953"}],"version-history":[{"count":65,"href":"https:\/\/articmusica.com\/es\/wp-json\/wp\/v2\/pages\/6953\/revisions"}],"predecessor-version":[{"id":9309,"href":"https:\/\/articmusica.com\/es\/wp-json\/wp\/v2\/pages\/6953\/revisions\/9309"}],"wp:attachment":[{"href":"https:\/\/articmusica.com\/es\/wp-json\/wp\/v2\/media?parent=6953"}],"curies":[{"name":"wp","href":"https:\/\/api.w.org\/{rel}","templated":true}]}}