{"id":6950,"date":"2025-11-14T14:53:53","date_gmt":"2025-11-14T13:53:53","guid":{"rendered":"https:\/\/articmusica.com\/?page_id=6950"},"modified":"2026-02-25T21:30:21","modified_gmt":"2026-02-25T20:30:21","slug":"itinerario-artic","status":"publish","type":"page","link":"https:\/\/articmusica.com\/es\/itinerari-artic\/","title":{"rendered":"itinerario \u00c0rtic - 6 a 14+ anys"},"content":{"rendered":"<div data-elementor-type=\"wp-page\" data-elementor-id=\"6950\" class=\"elementor elementor-6950\">\n\t\t\t\t\t\t<section class=\"elementor-section elementor-top-section elementor-element elementor-element-07ce637 qodef-elementor-content-grid elementor-section-full_width elementor-section-content-middle elementor-section-height-default elementor-section-height-default\" data-id=\"07ce637\" data-element_type=\"section\" data-e-type=\"section\">\n\t\t\t\t\t\t<div class=\"elementor-container elementor-column-gap-default\">\n\t\t\t\t\t<div class=\"elementor-column elementor-col-100 elementor-top-column elementor-element elementor-element-62ce377\" data-id=\"62ce377\" data-element_type=\"column\" data-e-type=\"column\" data-settings=\"{&quot;background_background&quot;:&quot;classic&quot;}\">\n\t\t\t<div class=\"elementor-widget-wrap elementor-element-populated\">\n\t\t\t\t\t\t<div class=\"elementor-element elementor-element-a7909c5 elementor-widget elementor-widget-songbook_core_section_title\" data-id=\"a7909c5\" data-element_type=\"widget\" data-e-type=\"widget\" data-widget_type=\"songbook_core_section_title.default\">\n\t\t\t\t<div class=\"elementor-widget-container\">\n\t\t\t\t\t<div class=\"qodef-shortcode qodef-m qodef-section-title qodef-alignment--left\">\n\t\t\t\t\t<p class=\"qodef-m-text\" style=\"margin-top: -9px\">Ofrecemos un itinerario musical completo para alumnos de 6 a 14 a\u00f1os, basado en los ciclos acad\u00e9micos establecidos por el Departamento de Ense\u00f1anza. A trav\u00e9s de una formaci\u00f3n progresiva y estructurada, los alumnos adquieren una s\u00f3lida base musical, t\u00e9cnica instrumental y conocimientos te\u00f3ricos.<\/p>\n<\/div>\t\t\t\t<\/div>\n\t\t\t\t<\/div>\n\t\t\t\t<div class=\"elementor-element elementor-element-0e8c93f elementor-widget elementor-widget-songbook_core_section_title\" data-id=\"0e8c93f\" data-element_type=\"widget\" data-e-type=\"widget\" data-widget_type=\"songbook_core_section_title.default\">\n\t\t\t\t<div class=\"elementor-widget-container\">\n\t\t\t\t\t<div class=\"qodef-shortcode qodef-m qodef-section-title qodef-alignment--left\">\n\t\t\t\t\t<p class=\"qodef-m-text\" style=\"margin-top: -9px\">Un camino que abre las puertas tanto a una futura dedicaci\u00f3n profesional como disfrutar de la m\u00fasica como afici\u00f3n, siempre desde una experiencia enriquecedora y adaptada en cada etapa.<\/p>\n<\/div>\t\t\t\t<\/div>\n\t\t\t\t<\/div>\n\t\t\t\t\t<\/div>\n\t\t<\/div>\n\t\t\t\t\t<\/div>\n\t\t<\/section>\n\t\t\t\t<section class=\"elementor-section elementor-top-section elementor-element elementor-element-918acd0 qodef-elementor-content-grid elementor-section-full_width elementor-section-content-middle elementor-section-height-default elementor-section-height-default\" data-id=\"918acd0\" data-element_type=\"section\" data-e-type=\"section\">\n\t\t\t\t\t\t<div class=\"elementor-container elementor-column-gap-default\">\n\t\t\t\t\t<div class=\"elementor-column elementor-col-100 elementor-top-column elementor-element elementor-element-c91ddfb\" data-id=\"c91ddfb\" data-element_type=\"column\" data-e-type=\"column\" data-settings=\"{&quot;background_background&quot;:&quot;classic&quot;}\">\n\t\t\t<div class=\"elementor-widget-wrap elementor-element-populated\">\n\t\t\t\t\t\t<div class=\"elementor-element elementor-element-9002cb3 elementor-widget elementor-widget-image\" data-id=\"9002cb3\" data-element_type=\"widget\" data-e-type=\"widget\" data-widget_type=\"image.default\">\n\t\t\t\t\t\t\t\t\t\t\t\t\t\t\t<img fetchpriority=\"high\" decoding=\"async\" width=\"1920\" height=\"1829\" src=\"https:\/\/articmusica.com\/wp-content\/uploads\/2026\/02\/pla-estudis-artic_4.png\" class=\"attachment-full size-full wp-image-9337\" alt=\"Asignaturas\" srcset=\"https:\/\/articmusica.com\/wp-content\/uploads\/2026\/02\/pla-estudis-artic_4.png 1920w, https:\/\/articmusica.com\/wp-content\/uploads\/2026\/02\/pla-estudis-artic_4-300x286.png 300w, https:\/\/articmusica.com\/wp-content\/uploads\/2026\/02\/pla-estudis-artic_4-1024x975.png 1024w, https:\/\/articmusica.com\/wp-content\/uploads\/2026\/02\/pla-estudis-artic_4-768x732.png 768w, https:\/\/articmusica.com\/wp-content\/uploads\/2026\/02\/pla-estudis-artic_4-1536x1463.png 1536w, https:\/\/articmusica.com\/wp-content\/uploads\/2026\/02\/pla-estudis-artic_4-13x12.png 13w\" sizes=\"(max-width: 1920px) 100vw, 1920px\" \/>\t\t\t\t\t\t\t\t\t\t\t\t\t\t\t<\/div>\n\t\t\t\t\t<\/div>\n\t\t<\/div>\n\t\t\t\t\t<\/div>\n\t\t<\/section>\n\t\t\t\t<section class=\"elementor-section elementor-top-section elementor-element elementor-element-e6f7476 elementor-section-boxed elementor-section-height-default elementor-section-height-default qodef-elementor-content-no\" data-id=\"e6f7476\" data-element_type=\"section\" data-e-type=\"section\" data-settings=\"{&quot;background_background&quot;:&quot;classic&quot;}\">\n\t\t\t\t\t\t<div class=\"elementor-container elementor-column-gap-default\">\n\t\t\t\t\t<div class=\"elementor-column elementor-col-100 elementor-top-column elementor-element elementor-element-7736628\" data-id=\"7736628\" data-element_type=\"column\" data-e-type=\"column\">\n\t\t\t<div class=\"elementor-widget-wrap elementor-element-populated\">\n\t\t\t\t\t\t<div class=\"elementor-element elementor-element-0bfdbab elementor-widget-divider--view-line elementor-widget elementor-widget-divider\" data-id=\"0bfdbab\" data-element_type=\"widget\" data-e-type=\"widget\" data-widget_type=\"divider.default\">\n\t\t\t\t\t\t\t<div class=\"elementor-divider\">\n\t\t\t<span class=\"elementor-divider-separator\">\n\t\t\t\t\t\t<\/span>\n\t\t<\/div>\n\t\t\t\t\t\t<\/div>\n\t\t\t\t\t<\/div>\n\t\t<\/div>\n\t\t\t\t\t<\/div>\n\t\t<\/section>\n\t\t\t\t<\/div>","protected":false},"excerpt":{"rendered":"<p>Oferim un itinerari musical complet per a alumnes de 6 a 14 anys, basat en els cicles acad\u00e8mics establerts pel Departament d\u2019Ensenyament. A trav\u00e9s d\u2019una formaci\u00f3 progressiva i estructurada, els alumnes adquireixen una s\u00f2lida base musical, t\u00e8cnica instrumental i coneixements te\u00f2rics. Un cam\u00ed que obre les portes tant a una futura dedicaci\u00f3 professional com a [&hellip;]<\/p>\n","protected":false},"author":1,"featured_media":0,"parent":0,"menu_order":0,"comment_status":"closed","ping_status":"closed","template":"page-full-width.php","meta":{"footnotes":""},"class_list":["post-6950","page","type-page","status-publish","hentry"],"yoast_head":"<!-- This site is optimized with the Yoast SEO plugin v27.5 - https:\/\/yoast.com\/product\/yoast-seo-wordpress\/ -->\n<title>Itinerari \u00c0rtic - 6 a 14+ anys - \u00c0rtic - Escola de M\u00fasica<\/title>\n<meta name=\"robots\" content=\"index, follow, max-snippet:-1, max-image-preview:large, max-video-preview:-1\" \/>\n<link rel=\"canonical\" href=\"https:\/\/articmusica.com\/es\/itinerario-artic\/\" \/>\n<meta property=\"og:locale\" content=\"es_ES\" \/>\n<meta property=\"og:type\" content=\"article\" \/>\n<meta property=\"og:title\" content=\"Itinerari \u00c0rtic - 6 a 14+ anys - \u00c0rtic - Escola de M\u00fasica\" \/>\n<meta property=\"og:description\" content=\"Oferim un itinerari musical complet per a alumnes de 6 a 14 anys, basat en els cicles acad\u00e8mics establerts pel Departament d\u2019Ensenyament. A trav\u00e9s d\u2019una formaci\u00f3 progressiva i estructurada, els alumnes adquireixen una s\u00f2lida base musical, t\u00e8cnica instrumental i coneixements te\u00f2rics. Un cam\u00ed que obre les portes tant a una futura dedicaci\u00f3 professional com a [&hellip;]\" \/>\n<meta property=\"og:url\" content=\"https:\/\/articmusica.com\/es\/itinerario-artic\/\" \/>\n<meta property=\"og:site_name\" content=\"\u00c0rtic - Escola de M\u00fasica\" \/>\n<meta property=\"article:modified_time\" content=\"2026-02-25T20:30:21+00:00\" \/>\n<meta property=\"og:image\" content=\"https:\/\/articmusica.com\/wp-content\/uploads\/2026\/02\/pla-estudis-artic_4-1024x975.png\" \/>\n\t<meta property=\"og:image:width\" content=\"1024\" \/>\n\t<meta property=\"og:image:height\" content=\"975\" \/>\n\t<meta property=\"og:image:type\" content=\"image\/png\" \/>\n<meta name=\"twitter:card\" content=\"summary_large_image\" \/>\n<meta name=\"twitter:label1\" content=\"Tiempo de lectura\" \/>\n\t<meta name=\"twitter:data1\" content=\"1 minuto\" \/>\n<script type=\"application\/ld+json\" class=\"yoast-schema-graph\">{\"@context\":\"https:\\\/\\\/schema.org\",\"@graph\":[{\"@type\":\"WebPage\",\"@id\":\"https:\\\/\\\/articmusica.com\\\/itinerari-artic\\\/\",\"url\":\"https:\\\/\\\/articmusica.com\\\/itinerari-artic\\\/\",\"name\":\"Itinerari \u00c0rtic - 6 a 14+ anys - \u00c0rtic - Escola de M\u00fasica\",\"isPartOf\":{\"@id\":\"https:\\\/\\\/articmusica.com\\\/#website\"},\"primaryImageOfPage\":{\"@id\":\"https:\\\/\\\/articmusica.com\\\/itinerari-artic\\\/#primaryimage\"},\"image\":{\"@id\":\"https:\\\/\\\/articmusica.com\\\/itinerari-artic\\\/#primaryimage\"},\"thumbnailUrl\":\"https:\\\/\\\/articmusica.com\\\/wp-content\\\/uploads\\\/2026\\\/02\\\/pla-estudis-artic_4.png\",\"datePublished\":\"2025-11-14T13:53:53+00:00\",\"dateModified\":\"2026-02-25T20:30:21+00:00\",\"breadcrumb\":{\"@id\":\"https:\\\/\\\/articmusica.com\\\/itinerari-artic\\\/#breadcrumb\"},\"inLanguage\":\"es\",\"potentialAction\":[{\"@type\":\"ReadAction\",\"target\":[\"https:\\\/\\\/articmusica.com\\\/itinerari-artic\\\/\"]}]},{\"@type\":\"ImageObject\",\"inLanguage\":\"es\",\"@id\":\"https:\\\/\\\/articmusica.com\\\/itinerari-artic\\\/#primaryimage\",\"url\":\"https:\\\/\\\/articmusica.com\\\/wp-content\\\/uploads\\\/2026\\\/02\\\/pla-estudis-artic_4.png\",\"contentUrl\":\"https:\\\/\\\/articmusica.com\\\/wp-content\\\/uploads\\\/2026\\\/02\\\/pla-estudis-artic_4.png\"},{\"@type\":\"BreadcrumbList\",\"@id\":\"https:\\\/\\\/articmusica.com\\\/itinerari-artic\\\/#breadcrumb\",\"itemListElement\":[{\"@type\":\"ListItem\",\"position\":1,\"name\":\"Inici\",\"item\":\"https:\\\/\\\/articmusica.com\\\/\"},{\"@type\":\"ListItem\",\"position\":2,\"name\":\"Itinerari \u00c0rtic &#8211; 6 a 14+ anys\"}]},{\"@type\":\"WebSite\",\"@id\":\"https:\\\/\\\/articmusica.com\\\/#website\",\"url\":\"https:\\\/\\\/articmusica.com\\\/\",\"name\":\"\u00c0rtic - Escola de M\u00fasica\",\"description\":\"\",\"potentialAction\":[{\"@type\":\"SearchAction\",\"target\":{\"@type\":\"EntryPoint\",\"urlTemplate\":\"https:\\\/\\\/articmusica.com\\\/?s={search_term_string}\"},\"query-input\":{\"@type\":\"PropertyValueSpecification\",\"valueRequired\":true,\"valueName\":\"search_term_string\"}}],\"inLanguage\":\"es\"}]}<\/script>\n<!-- \/ Yoast SEO plugin. -->","yoast_head_json":{"title":"Itinerario \u00c1rtico - De 6 a 14+ a\u00f1os - \u00c0rtic - Escuela de m\u00fasica","robots":{"index":"index","follow":"follow","max-snippet":"max-snippet:-1","max-image-preview":"max-image-preview:large","max-video-preview":"max-video-preview:-1"},"canonical":"https:\/\/articmusica.com\/es\/itinerario-artic\/","og_locale":"es_ES","og_type":"article","og_title":"Itinerari \u00c0rtic - 6 a 14+ anys - \u00c0rtic - Escola de M\u00fasica","og_description":"Oferim un itinerari musical complet per a alumnes de 6 a 14 anys, basat en els cicles acad\u00e8mics establerts pel Departament d\u2019Ensenyament. A trav\u00e9s d\u2019una formaci\u00f3 progressiva i estructurada, els alumnes adquireixen una s\u00f2lida base musical, t\u00e8cnica instrumental i coneixements te\u00f2rics. Un cam\u00ed que obre les portes tant a una futura dedicaci\u00f3 professional com a [&hellip;]","og_url":"https:\/\/articmusica.com\/es\/itinerario-artic\/","og_site_name":"\u00c0rtic - Escola de M\u00fasica","article_modified_time":"2026-02-25T20:30:21+00:00","og_image":[{"width":1024,"height":975,"url":"https:\/\/articmusica.com\/wp-content\/uploads\/2026\/02\/pla-estudis-artic_4-1024x975.png","type":"image\/png"}],"twitter_card":"summary_large_image","twitter_misc":{"Tiempo de lectura":"1 minuto"},"schema":{"@context":"https:\/\/schema.org","@graph":[{"@type":"WebPage","@id":"https:\/\/articmusica.com\/itinerari-artic\/","url":"https:\/\/articmusica.com\/itinerari-artic\/","name":"Itinerario \u00c1rtico - De 6 a 14+ a\u00f1os - \u00c0rtic - Escuela de m\u00fasica","isPartOf":{"@id":"https:\/\/articmusica.com\/#website"},"primaryImageOfPage":{"@id":"https:\/\/articmusica.com\/itinerari-artic\/#primaryimage"},"image":{"@id":"https:\/\/articmusica.com\/itinerari-artic\/#primaryimage"},"thumbnailUrl":"https:\/\/articmusica.com\/wp-content\/uploads\/2026\/02\/pla-estudis-artic_4.png","datePublished":"2025-11-14T13:53:53+00:00","dateModified":"2026-02-25T20:30:21+00:00","breadcrumb":{"@id":"https:\/\/articmusica.com\/itinerari-artic\/#breadcrumb"},"inLanguage":"es","potentialAction":[{"@type":"ReadAction","target":["https:\/\/articmusica.com\/itinerari-artic\/"]}]},{"@type":"ImageObject","inLanguage":"es","@id":"https:\/\/articmusica.com\/itinerari-artic\/#primaryimage","url":"https:\/\/articmusica.com\/wp-content\/uploads\/2026\/02\/pla-estudis-artic_4.png","contentUrl":"https:\/\/articmusica.com\/wp-content\/uploads\/2026\/02\/pla-estudis-artic_4.png"},{"@type":"BreadcrumbList","@id":"https:\/\/articmusica.com\/itinerari-artic\/#breadcrumb","itemListElement":[{"@type":"ListItem","position":1,"name":"Inici","item":"https:\/\/articmusica.com\/"},{"@type":"ListItem","position":2,"name":"Itinerari \u00c0rtic &#8211; 6 a 14+ anys"}]},{"@type":"WebSite","@id":"https:\/\/articmusica.com\/#website","url":"https:\/\/articmusica.com\/","name":"\u00c0rtic - Escuela de M\u00fasica","description":"","potentialAction":[{"@type":"SearchAction","target":{"@type":"EntryPoint","urlTemplate":"https:\/\/articmusica.com\/?s={search_term_string}"},"query-input":{"@type":"PropertyValueSpecification","valueRequired":true,"valueName":"search_term_string"}}],"inLanguage":"es"}]}},"_links":{"self":[{"href":"https:\/\/articmusica.com\/es\/wp-json\/wp\/v2\/pages\/6950","targetHints":{"allow":["GET"]}}],"collection":[{"href":"https:\/\/articmusica.com\/es\/wp-json\/wp\/v2\/pages"}],"about":[{"href":"https:\/\/articmusica.com\/es\/wp-json\/wp\/v2\/types\/page"}],"author":[{"embeddable":true,"href":"https:\/\/articmusica.com\/es\/wp-json\/wp\/v2\/users\/1"}],"replies":[{"embeddable":true,"href":"https:\/\/articmusica.com\/es\/wp-json\/wp\/v2\/comments?post=6950"}],"version-history":[{"count":90,"href":"https:\/\/articmusica.com\/es\/wp-json\/wp\/v2\/pages\/6950\/revisions"}],"predecessor-version":[{"id":9340,"href":"https:\/\/articmusica.com\/es\/wp-json\/wp\/v2\/pages\/6950\/revisions\/9340"}],"wp:attachment":[{"href":"https:\/\/articmusica.com\/es\/wp-json\/wp\/v2\/media?parent=6950"}],"curies":[{"name":"wp","href":"https:\/\/api.w.org\/{rel}","templated":true}]}}