{"id":387,"date":"2020-04-27T12:21:09","date_gmt":"2020-04-27T12:21:09","guid":{"rendered":"https:\/\/songbook.qodeinteractive.com\/?page_id=387"},"modified":"2026-02-26T20:57:44","modified_gmt":"2026-02-26T19:57:44","slug":"artic-escola-de-musica","status":"publish","type":"page","link":"https:\/\/articmusica.com\/es\/","title":{"rendered":"Inicio"},"content":{"rendered":"\t\t<div data-elementor-type=\"wp-page\" data-elementor-id=\"387\" class=\"elementor elementor-387\">\n\t\t\t\t\t\t<section class=\"elementor-section elementor-top-section elementor-element elementor-element-c559d1c elementor-section-full_width elementor-section-stretched elementor-section-height-default elementor-section-height-default qodef-elementor-content-no\" data-id=\"c559d1c\" data-element_type=\"section\" data-e-type=\"section\" data-settings=\"{&quot;stretch_section&quot;:&quot;section-stretched&quot;}\">\n\t\t\t\t\t\t<div class=\"elementor-container elementor-column-gap-default\">\n\t\t\t\t\t<div class=\"elementor-column elementor-col-100 elementor-top-column elementor-element elementor-element-638398b\" data-id=\"638398b\" data-element_type=\"column\" data-e-type=\"column\">\n\t\t\t<div class=\"elementor-widget-wrap elementor-element-populated\">\n\t\t\t\t\t\t<div class=\"elementor-element elementor-element-0456659 elementor-widget elementor-widget-slider_revolution\" data-id=\"0456659\" data-element_type=\"widget\" data-e-type=\"widget\" data-widget_type=\"slider_revolution.default\">\n\t\t\t\t\t\n\t\t<div class=\"wp-block-themepunch-revslider\">\n\t\t\t\t<p class=\"rs-p-wp-fix\"><\/p>\n\t\t\t\t<sr7-module data-alias=\"childrens-music-school-1-11\" data-id=\"11\" id=\"SR7_11_1\" class=\"rs-ov-hidden\" data-version=\"6.7.34\">\n\t\t\t\t\t<sr7-adjuster><\/sr7-adjuster>\n\t\t\t\t\t<sr7-content>\n\t\t\t\t\t\t<sr7-slide id=\"SR7_11_1-16\" data-key=\"16\">\n\t\t\t\t\t\t\t<sr7-bg id=\"SR7_11_1-16-1\" class=\"sr7-layer\"><noscript><img decoding=\"async\" src=\"https:\/\/articmusica.com\/wp-content\/uploads\/2026\/05\/Let-it-be-web-1.jpg\" alt=\"\" title=\"Let it be-web\"><\/noscript><\/sr7-bg>\n\t\t\t\t\t\t<\/sr7-slide>\n\t\t\t\t\t\t<sr7-slide id=\"SR7_11_1-15\" data-key=\"15\">\n\t\t\t\t\t\t\t<sr7-bg id=\"SR7_11_1-15-1\" class=\"sr7-layer\"><noscript><img decoding=\"async\" src=\"https:\/\/articmusica.com\/wp-content\/uploads\/2026\/05\/Help-web-1.jpg\" alt=\"\" title=\"Help -web\"><\/noscript><\/sr7-bg>\n\t\t\t\t\t\t<\/sr7-slide>\n\t\t\t\t\t\t<sr7-slide id=\"SR7_11_1-17\" data-key=\"17\">\n\t\t\t\t\t\t\t<sr7-bg id=\"SR7_11_1-17-1\" class=\"sr7-layer\"><noscript><img decoding=\"async\" src=\"https:\/\/articmusica.com\/wp-content\/uploads\/2026\/05\/Blackbird-web-1.jpg\" alt=\"\" title=\"Blackbird-web\"><\/noscript><\/sr7-bg>\n\t\t\t\t\t\t<\/sr7-slide>\n\t\t\t\t\t\t<sr7-slide id=\"SR7_11_1-4\" data-key=\"4\">\n\t\t\t\t\t\t\t<sr7-bg id=\"SR7_11_1-4-1\" class=\"sr7-layer\"><noscript><img decoding=\"async\" src=\"https:\/\/articmusica.com\/wp-content\/uploads\/2025\/11\/banner1-1.png\" alt=\"Festival nens\" title=\"banner1\"><\/noscript><\/sr7-bg>\n\t\t\t\t\t\t<\/sr7-slide>\n\t\t\t\t\t\t<sr7-slide id=\"SR7_11_1-7\" data-key=\"7\">\n\t\t\t\t\t\t\t<sr7-bg id=\"SR7_11_1-7-1\" class=\"sr7-layer\"><noscript><img decoding=\"async\" src=\"https:\/\/articmusica.com\/wp-content\/uploads\/2025\/11\/banner2.png\" alt=\"Festival\" title=\"banner2\"><\/noscript><\/sr7-bg>\n\t\t\t\t\t\t<\/sr7-slide>\n\t\t\t\t\t\t<sr7-slide id=\"SR7_11_1-12\" data-key=\"12\">\n\t\t\t\t\t\t<\/sr7-slide>\n\t\t\t\t\t<\/sr7-content>\n\t\t\t\t\t<image_lists style=\"display:none\">\n\t\t\t\t\t\t<img data-src=\"\/\/articmusica.com\/wp-content\/uploads\/2025\/11\/banner1-1.png\" data-libid=\"7746\" data-lib=\"medialibrary\" alt=\"Festival nens\" title=\"banner1\" width=\"0\" height=\"0\" data-dbsrc=\"Ly9hcnRpY211c2ljYS5jb20vd3AtY29udGVudC91cGxvYWRzLzIwMjUvMTEvYmFubmVyMS0xLnBuZw==\"\/>\n\t\t\t\t\t\t<img data-src=\"\/\/articmusica.com\/wp-content\/uploads\/2025\/11\/banner2.png\" data-libid=\"7747\" data-lib=\"medialibrary\" alt=\"Festival\" title=\"banner2\" width=\"0\" height=\"0\" data-dbsrc=\"Ly9hcnRpY211c2ljYS5jb20vd3AtY29udGVudC91cGxvYWRzLzIwMjUvMTEvYmFubmVyMi5wbmc=\"\/>\n\t\t\t\t\t\t<img data-src=\"\/\/articmusica.com\/wp-content\/uploads\/2025\/11\/banner3-scaled.png\" data-libid=\"7748\" data-lib=\"medialibrary\" alt=\"Festival\" title=\"banner3\" width=\"0\" height=\"0\" data-dbsrc=\"Ly9hcnRpY211c2ljYS5jb20vd3AtY29udGVudC91cGxvYWRzLzIwMjUvMTEvYmFubmVyMy1zY2FsZWQucG5n\"\/>\n\t\t\t\t\t\t<img loading=\"lazy\" data-src=\"\/\/articmusica.com\/wp-content\/uploads\/2026\/05\/Help-web-1.jpg\" data-libid=\"9394\" data-lib=\"medialibrary\" title=\"Help -web\" width=\"0\" height=\"0\" data-dbsrc=\"Ly9hcnRpY211c2ljYS5jb20vd3AtY29udGVudC91cGxvYWRzLzIwMjYvMDUvSGVscC13ZWItMS5qcGc=\"\/>\n\t\t\t\t\t\t<img loading=\"lazy\" data-src=\"\/\/articmusica.com\/wp-content\/uploads\/2026\/05\/Let-it-be-web-1.jpg\" data-libid=\"9395\" data-lib=\"medialibrary\" title=\"Let it be-web\" width=\"0\" height=\"0\" data-dbsrc=\"Ly9hcnRpY211c2ljYS5jb20vd3AtY29udGVudC91cGxvYWRzLzIwMjYvMDUvTGV0LWl0LWJlLXdlYi0xLmpwZw==\"\/>\n\t\t\t\t\t\t<img loading=\"lazy\" data-src=\"\/\/articmusica.com\/wp-content\/uploads\/2026\/05\/Blackbird-web-1.jpg\" data-libid=\"9396\" data-lib=\"medialibrary\" title=\"Blackbird-web\" width=\"0\" height=\"0\" data-dbsrc=\"Ly9hcnRpY211c2ljYS5jb20vd3AtY29udGVudC91cGxvYWRzLzIwMjYvMDUvQmxhY2tiaXJkLXdlYi0xLmpwZw==\"\/>\n\t\t\t\t\t<\/image_lists>\n\t\t\t\t<\/sr7-module>\n\t\t\t\t<script>\n\t\t\t\t\tSR7.PMH ??={}; SR7.PMH[\"SR7_11_1\"] = {cn:100,state:false,fn: function() { if (_tpt!==undefined && _tpt.prepareModuleHeight !== undefined) {  _tpt.prepareModuleHeight({id:\"SR7_11_1\",el:[650,650,425,613,880],type:'standard',shdw:'0',gh:[650,650,425,613,300],gw:[1300,1300,1024,778,480],vpt:['-100px&#039;,&#039;-100px&#039;,&#039;-100px&#039;,&#039;-100px&#039;,&#039;-100px'],size:{fullWidth:false, fullHeight:false},mh:'0',onh:0,onw:0,bg:{color:'{\"orig\":\"transparent\",\"type\":\"solid\",\"string\":\"transparent\"}'}});   SR7.PMH[\"SR7_11_1\"].state=true;} else if(SR7.PMH[\"SR7_11_1\"].cn-->0)\tsetTimeout( SR7.PMH[\"SR7_11_1\"].fn,19);}};SR7.PMH[\"SR7_11_1\" ].fn();\n\t\t\t\t<\/script>\n<\/div>\n\n\t\t\t\t\t\t<\/div>\n\t\t\t\t\t<\/div>\n\t\t<\/div>\n\t\t\t\t\t<\/div>\n\t\t<\/section>\n\t\t\t\t<section class=\"elementor-section elementor-top-section elementor-element elementor-element-1372503 elementor-section-full_width elementor-section-height-default elementor-section-height-default qodef-elementor-content-no\" data-id=\"1372503\" data-element_type=\"section\" data-e-type=\"section\">\n\t\t\t\t\t\t<div class=\"elementor-container elementor-column-gap-default\">\n\t\t\t\t\t<div class=\"elementor-column elementor-col-100 elementor-top-column elementor-element elementor-element-43c0a34\" data-id=\"43c0a34\" data-element_type=\"column\" data-e-type=\"column\">\n\t\t\t<div class=\"elementor-widget-wrap elementor-element-populated\">\n\t\t\t\t\t\t<div class=\"elementor-element elementor-element-1cfdb09 elementor-widget elementor-widget-text-editor\" data-id=\"1cfdb09\" data-element_type=\"widget\" data-e-type=\"widget\" data-widget_type=\"text-editor.default\">\n\t\t\t\t\t\t\t\t\t<p><strong>\u00c0RTIC<\/strong> \u00e9s una escola de m\u00fasica petita i propera que ofereix una formaci\u00f3 rigorosa i de qualitat per a infants, joves i adults. Entenem la m\u00fasica com un llenguatge a descobrir, interpretar i compartir, i per aix\u00f2 treballem valors com la curiositat, la col\u00b7lectivitat i l\u2019expressi\u00f3 personal.<\/p><p>Proposem un aprenentatge progressiu i vivencial, connectant la pr\u00e0ctica instrumental amb el coneixement cultural i art\u00edstic, per ajudar els alumnes a cr\u00e9ixer musicalment amb criteri, autonomia i sensibilitat.<\/p>\t\t\t\t\t\t\t\t<\/div>\n\t\t\t\t<section class=\"elementor-section elementor-inner-section elementor-element elementor-element-20c3bb3 elementor-section-full_width elementor-section-content-bottom elementor-section-height-min-height elementor-section-height-default qodef-elementor-content-no\" data-id=\"20c3bb3\" data-element_type=\"section\" data-e-type=\"section\">\n\t\t\t\t\t\t<div class=\"elementor-container elementor-column-gap-default\">\n\t\t\t\t\t<div class=\"elementor-column elementor-col-50 elementor-inner-column elementor-element elementor-element-9aeed86\" data-id=\"9aeed86\" data-element_type=\"column\" data-e-type=\"column\" data-settings=\"{&quot;background_background&quot;:&quot;classic&quot;}\">\n\t\t\t<div class=\"elementor-widget-wrap elementor-element-populated\">\n\t\t\t\t\t\t<div class=\"elementor-element elementor-element-67b3ae7 elementor-widget elementor-widget-text-editor\" data-id=\"67b3ae7\" data-element_type=\"widget\" data-e-type=\"widget\" data-widget_type=\"text-editor.default\">\n\t\t\t\t\t\t\t\t\t<h2 style=\"color: #000000;\"><a href=\"https:\/\/articmusica.com\/movent-el-gel\/\">movent el gel<\/a><\/h2>\t\t\t\t\t\t\t\t<\/div>\n\t\t\t\t<div class=\"elementor-element elementor-element-603692b elementor-widget elementor-widget-text-editor\" data-id=\"603692b\" data-element_type=\"widget\" data-e-type=\"widget\" data-widget_type=\"text-editor.default\">\n\t\t\t\t\t\t\t\t\t<h3>de 4 a 5 anys<\/h3>\t\t\t\t\t\t\t\t<\/div>\n\t\t\t\t<div class=\"elementor-element elementor-element-d048840 elementor-widget elementor-widget-text-editor\" data-id=\"d048840\" data-element_type=\"widget\" data-e-type=\"widget\" data-widget_type=\"text-editor.default\">\n\t\t\t\t\t\t\t\t\t<p>Mitjan\u00e7ant el joc i l\u2019expressi\u00f3, els alumnes descobreixen elements b\u00e0sics de la m\u00fasica com el ritme, la melodia o el timbre. \u00c9s el punt de partida de la formaci\u00f3 musical a partir dels 6 anys.<\/p>\t\t\t\t\t\t\t\t<\/div>\n\t\t\t\t\t<\/div>\n\t\t<\/div>\n\t\t\t\t<div class=\"elementor-column elementor-col-50 elementor-inner-column elementor-element elementor-element-d3f2e6b\" data-id=\"d3f2e6b\" data-element_type=\"column\" data-e-type=\"column\">\n\t\t\t<div class=\"elementor-widget-wrap elementor-element-populated\">\n\t\t\t\t\t\t<div class=\"elementor-element elementor-element-c6f22db elementor-widget elementor-widget-image\" data-id=\"c6f22db\" data-element_type=\"widget\" data-e-type=\"widget\" data-widget_type=\"image.default\">\n\t\t\t\t\t\t\t\t\t\t\t\t\t\t\t<img loading=\"lazy\" decoding=\"async\" width=\"1000\" height=\"717\" src=\"https:\/\/articmusica.com\/wp-content\/uploads\/2026\/02\/Artic32.png\" class=\"attachment-large size-large wp-image-9323\" alt=\"Nens aprenent\" srcset=\"https:\/\/articmusica.com\/wp-content\/uploads\/2026\/02\/Artic32.png 1000w, https:\/\/articmusica.com\/wp-content\/uploads\/2026\/02\/Artic32-300x215.png 300w, https:\/\/articmusica.com\/wp-content\/uploads\/2026\/02\/Artic32-768x551.png 768w, https:\/\/articmusica.com\/wp-content\/uploads\/2026\/02\/Artic32-18x12.png 18w\" sizes=\"(max-width: 1000px) 100vw, 1000px\" \/>\t\t\t\t\t\t\t\t\t\t\t\t\t\t\t<\/div>\n\t\t\t\t\t<\/div>\n\t\t<\/div>\n\t\t\t\t\t<\/div>\n\t\t<\/section>\n\t\t\t\t<section class=\"elementor-section elementor-inner-section elementor-element elementor-element-0dd9042 elementor-section-full_width elementor-section-content-bottom elementor-section-height-min-height elementor-hidden-mobile elementor-section-height-default qodef-elementor-content-no\" data-id=\"0dd9042\" data-element_type=\"section\" data-e-type=\"section\">\n\t\t\t\t\t\t<div class=\"elementor-container elementor-column-gap-default\">\n\t\t\t\t\t<div class=\"elementor-column elementor-col-50 elementor-inner-column elementor-element elementor-element-0ac3c58\" data-id=\"0ac3c58\" data-element_type=\"column\" data-e-type=\"column\">\n\t\t\t<div class=\"elementor-widget-wrap elementor-element-populated\">\n\t\t\t\t\t\t<div class=\"elementor-element elementor-element-24c687e elementor-widget elementor-widget-image\" data-id=\"24c687e\" data-element_type=\"widget\" data-e-type=\"widget\" data-widget_type=\"image.default\">\n\t\t\t\t\t\t\t\t\t\t\t\t\t\t\t<img loading=\"lazy\" decoding=\"async\" width=\"1000\" height=\"717\" src=\"https:\/\/articmusica.com\/wp-content\/uploads\/2026\/02\/Artic27.png\" class=\"attachment-large size-large wp-image-9327\" alt=\"Nois tocant\" srcset=\"https:\/\/articmusica.com\/wp-content\/uploads\/2026\/02\/Artic27.png 1000w, https:\/\/articmusica.com\/wp-content\/uploads\/2026\/02\/Artic27-300x215.png 300w, https:\/\/articmusica.com\/wp-content\/uploads\/2026\/02\/Artic27-768x551.png 768w, https:\/\/articmusica.com\/wp-content\/uploads\/2026\/02\/Artic27-18x12.png 18w\" sizes=\"(max-width: 1000px) 100vw, 1000px\" \/>\t\t\t\t\t\t\t\t\t\t\t\t\t\t\t<\/div>\n\t\t\t\t\t<\/div>\n\t\t<\/div>\n\t\t\t\t<div class=\"elementor-column elementor-col-50 elementor-inner-column elementor-element elementor-element-b794a5f\" data-id=\"b794a5f\" data-element_type=\"column\" data-e-type=\"column\" data-settings=\"{&quot;background_background&quot;:&quot;classic&quot;}\">\n\t\t\t<div class=\"elementor-widget-wrap elementor-element-populated\">\n\t\t\t\t\t\t<div class=\"elementor-element elementor-element-56779b4 elementor-widget elementor-widget-text-editor\" data-id=\"56779b4\" data-element_type=\"widget\" data-e-type=\"widget\" data-widget_type=\"text-editor.default\">\n\t\t\t\t\t\t\t\t\t<h2 style=\"color: #000000;\"><a href=\"https:\/\/articmusica.com\/itinerari-artic\/\">itinerari \u00e0rtic<\/a><\/h2>\t\t\t\t\t\t\t\t<\/div>\n\t\t\t\t<div class=\"elementor-element elementor-element-350cc36 elementor-widget elementor-widget-text-editor\" data-id=\"350cc36\" data-element_type=\"widget\" data-e-type=\"widget\" data-widget_type=\"text-editor.default\">\n\t\t\t\t\t\t\t\t\t<h3 style=\"color: #000000;\">de 6 a 14 anys<\/h3>\t\t\t\t\t\t\t\t<\/div>\n\t\t\t\t<div class=\"elementor-element elementor-element-0500367 elementor-widget elementor-widget-text-editor\" data-id=\"0500367\" data-element_type=\"widget\" data-e-type=\"widget\" data-widget_type=\"text-editor.default\">\n\t\t\t\t\t\t\t\t\t<p>Un recorregut complet i motivador per cr\u00e9ixer amb la m\u00fasica. Seguint el curr\u00edculum oficial, els alumnes adquireixen t\u00e8cnica, expressi\u00f3 i passi\u00f3, tant si volen fer de la m\u00fasica la seva professi\u00f3 com si volen gaudir-la com a hobby.<\/p>\t\t\t\t\t\t\t\t<\/div>\n\t\t\t\t\t<\/div>\n\t\t<\/div>\n\t\t\t\t\t<\/div>\n\t\t<\/section>\n\t\t\t\t<section class=\"elementor-section elementor-inner-section elementor-element elementor-element-7387f48 elementor-section-full_width elementor-section-content-bottom elementor-section-height-min-height elementor-hidden-desktop elementor-hidden-tablet elementor-section-height-default qodef-elementor-content-no\" data-id=\"7387f48\" data-element_type=\"section\" data-e-type=\"section\">\n\t\t\t\t\t\t<div class=\"elementor-container elementor-column-gap-default\">\n\t\t\t\t\t<div class=\"elementor-column elementor-col-50 elementor-inner-column elementor-element elementor-element-2b2e7a1\" data-id=\"2b2e7a1\" data-element_type=\"column\" data-e-type=\"column\" data-settings=\"{&quot;background_background&quot;:&quot;classic&quot;}\">\n\t\t\t<div class=\"elementor-widget-wrap elementor-element-populated\">\n\t\t\t\t\t\t<div class=\"elementor-element elementor-element-35b2d8f elementor-widget elementor-widget-text-editor\" data-id=\"35b2d8f\" data-element_type=\"widget\" data-e-type=\"widget\" data-widget_type=\"text-editor.default\">\n\t\t\t\t\t\t\t\t\t<h2 style=\"color: #000000;\"><a href=\"https:\/\/articmusica.com\/itinerari-artic\/\">itinerari \u00e0rtic<\/a><\/h2>\t\t\t\t\t\t\t\t<\/div>\n\t\t\t\t<div class=\"elementor-element elementor-element-74fc092 elementor-widget elementor-widget-text-editor\" data-id=\"74fc092\" data-element_type=\"widget\" data-e-type=\"widget\" data-widget_type=\"text-editor.default\">\n\t\t\t\t\t\t\t\t\t<h3 style=\"color: #000000;\">de 6 a 14 anys<\/h3>\t\t\t\t\t\t\t\t<\/div>\n\t\t\t\t<div class=\"elementor-element elementor-element-b76c291 elementor-widget elementor-widget-text-editor\" data-id=\"b76c291\" data-element_type=\"widget\" data-e-type=\"widget\" data-widget_type=\"text-editor.default\">\n\t\t\t\t\t\t\t\t\t<p>Un recorregut complet i motivador per cr\u00e9ixer amb la m\u00fasica. Seguint el curr\u00edculum oficial, els alumnes adquireixen t\u00e8cnica, expressi\u00f3 i passi\u00f3, tant si volen fer de la m\u00fasica la seva professi\u00f3 com si volen gaudir-la com a hobby.<\/p>\t\t\t\t\t\t\t\t<\/div>\n\t\t\t\t\t<\/div>\n\t\t<\/div>\n\t\t\t\t<div class=\"elementor-column elementor-col-50 elementor-inner-column elementor-element elementor-element-8317df5\" data-id=\"8317df5\" data-element_type=\"column\" data-e-type=\"column\">\n\t\t\t<div class=\"elementor-widget-wrap elementor-element-populated\">\n\t\t\t\t\t\t<div class=\"elementor-element elementor-element-d2e481c elementor-widget elementor-widget-image\" data-id=\"d2e481c\" data-element_type=\"widget\" data-e-type=\"widget\" data-widget_type=\"image.default\">\n\t\t\t\t\t\t\t\t\t\t\t\t\t\t\t<img decoding=\"async\" src=\"https:\/\/articmusica.com\/wp-content\/uploads\/2025\/12\/Artic27.png\" title=\"\" alt=\"\" loading=\"lazy\" \/>\t\t\t\t\t\t\t\t\t\t\t\t\t\t\t<\/div>\n\t\t\t\t<div class=\"elementor-element elementor-element-fadde88 elementor-widget elementor-widget-image\" data-id=\"fadde88\" data-element_type=\"widget\" data-e-type=\"widget\" data-widget_type=\"image.default\">\n\t\t\t\t\t\t\t\t\t\t\t\t\t\t\t<img loading=\"lazy\" decoding=\"async\" width=\"1000\" height=\"717\" src=\"https:\/\/articmusica.com\/wp-content\/uploads\/2026\/02\/Artic27.png\" class=\"attachment-large size-large wp-image-9327\" alt=\"Nois tocant\" srcset=\"https:\/\/articmusica.com\/wp-content\/uploads\/2026\/02\/Artic27.png 1000w, https:\/\/articmusica.com\/wp-content\/uploads\/2026\/02\/Artic27-300x215.png 300w, https:\/\/articmusica.com\/wp-content\/uploads\/2026\/02\/Artic27-768x551.png 768w, https:\/\/articmusica.com\/wp-content\/uploads\/2026\/02\/Artic27-18x12.png 18w\" sizes=\"(max-width: 1000px) 100vw, 1000px\" \/>\t\t\t\t\t\t\t\t\t\t\t\t\t\t\t<\/div>\n\t\t\t\t\t<\/div>\n\t\t<\/div>\n\t\t\t\t\t<\/div>\n\t\t<\/section>\n\t\t\t\t<section class=\"elementor-section elementor-inner-section elementor-element elementor-element-d9dbce2 elementor-section-full_width elementor-section-content-middle elementor-section-height-min-height elementor-section-height-default qodef-elementor-content-no\" data-id=\"d9dbce2\" data-element_type=\"section\" data-e-type=\"section\">\n\t\t\t\t\t\t<div class=\"elementor-container elementor-column-gap-default\">\n\t\t\t\t\t<div class=\"elementor-column elementor-col-50 elementor-inner-column elementor-element elementor-element-22af14f\" data-id=\"22af14f\" data-element_type=\"column\" data-e-type=\"column\" data-settings=\"{&quot;background_background&quot;:&quot;classic&quot;}\">\n\t\t\t<div class=\"elementor-widget-wrap elementor-element-populated\">\n\t\t\t\t\t\t<div class=\"elementor-element elementor-element-e3ba205 elementor-widget elementor-widget-text-editor\" data-id=\"e3ba205\" data-element_type=\"widget\" data-e-type=\"widget\" data-widget_type=\"text-editor.default\">\n\t\t\t\t\t\t\t\t\t<h2 style=\"color: #000000;\"><a href=\"https:\/\/articmusica.com\/produccio-musical\/\">Producci\u00f3 musical<\/a><\/h2>\t\t\t\t\t\t\t\t<\/div>\n\t\t\t\t<div class=\"elementor-element elementor-element-3712a62 elementor-widget elementor-widget-text-editor\" data-id=\"3712a62\" data-element_type=\"widget\" data-e-type=\"widget\" data-widget_type=\"text-editor.default\">\n\t\t\t\t\t\t\t\t\t<h3>a partir dels 10 anys<\/h3>\t\t\t\t\t\t\t\t<\/div>\n\t\t\t\t<div class=\"elementor-element elementor-element-b17685f elementor-widget elementor-widget-text-editor\" data-id=\"b17685f\" data-element_type=\"widget\" data-e-type=\"widget\" data-widget_type=\"text-editor.default\">\n\t\t\t\t\t\t\t\t\t<p>Assignatura que ofereix una aproximaci\u00f3 pr\u00e0ctica i tecnol\u00f2gica a la creaci\u00f3 musical on no calen coneixements musicals previs. Els alumnes treballen amb programari de producci\u00f3, t\u00e8cniques de gravaci\u00f3 i composici\u00f3 per a mitjans audiovisuals i desenvolupen projectes musicals propis.<\/p>\t\t\t\t\t\t\t\t<\/div>\n\t\t\t\t\t<\/div>\n\t\t<\/div>\n\t\t\t\t<div class=\"elementor-column elementor-col-50 elementor-inner-column elementor-element elementor-element-3f44e78\" data-id=\"3f44e78\" data-element_type=\"column\" data-e-type=\"column\">\n\t\t\t<div class=\"elementor-widget-wrap elementor-element-populated\">\n\t\t\t\t\t\t<div class=\"elementor-element elementor-element-5a20731 elementor-widget elementor-widget-image\" data-id=\"5a20731\" data-element_type=\"widget\" data-e-type=\"widget\" data-widget_type=\"image.default\">\n\t\t\t\t\t\t\t\t\t\t\t\t\t\t\t<img loading=\"lazy\" decoding=\"async\" width=\"1000\" height=\"717\" src=\"https:\/\/articmusica.com\/wp-content\/uploads\/2026\/02\/Artic1.png\" class=\"attachment-large size-large wp-image-9320\" alt=\"Musica\" srcset=\"https:\/\/articmusica.com\/wp-content\/uploads\/2026\/02\/Artic1.png 1000w, https:\/\/articmusica.com\/wp-content\/uploads\/2026\/02\/Artic1-300x215.png 300w, https:\/\/articmusica.com\/wp-content\/uploads\/2026\/02\/Artic1-768x551.png 768w, https:\/\/articmusica.com\/wp-content\/uploads\/2026\/02\/Artic1-18x12.png 18w\" sizes=\"(max-width: 1000px) 100vw, 1000px\" \/>\t\t\t\t\t\t\t\t\t\t\t\t\t\t\t<\/div>\n\t\t\t\t\t<\/div>\n\t\t<\/div>\n\t\t\t\t\t<\/div>\n\t\t<\/section>\n\t\t\t\t<section class=\"elementor-section elementor-inner-section elementor-element elementor-element-4212502 elementor-section-full_width elementor-section-content-bottom elementor-section-height-min-height elementor-hidden-mobile elementor-section-height-default qodef-elementor-content-no\" data-id=\"4212502\" data-element_type=\"section\" data-e-type=\"section\">\n\t\t\t\t\t\t<div class=\"elementor-container elementor-column-gap-default\">\n\t\t\t\t\t<div class=\"elementor-column elementor-col-50 elementor-inner-column elementor-element elementor-element-5c26ac1\" data-id=\"5c26ac1\" data-element_type=\"column\" data-e-type=\"column\">\n\t\t\t<div class=\"elementor-widget-wrap elementor-element-populated\">\n\t\t\t\t\t\t<div class=\"elementor-element elementor-element-ea75a0f elementor-widget elementor-widget-image\" data-id=\"ea75a0f\" data-element_type=\"widget\" data-e-type=\"widget\" data-widget_type=\"image.default\">\n\t\t\t\t\t\t\t\t\t\t\t\t\t\t\t<img loading=\"lazy\" decoding=\"async\" width=\"1000\" height=\"717\" src=\"https:\/\/articmusica.com\/wp-content\/uploads\/2026\/02\/Artic34.png\" class=\"attachment-large size-large wp-image-9321\" alt=\"Coral\" srcset=\"https:\/\/articmusica.com\/wp-content\/uploads\/2026\/02\/Artic34.png 1000w, https:\/\/articmusica.com\/wp-content\/uploads\/2026\/02\/Artic34-300x215.png 300w, https:\/\/articmusica.com\/wp-content\/uploads\/2026\/02\/Artic34-768x551.png 768w, https:\/\/articmusica.com\/wp-content\/uploads\/2026\/02\/Artic34-18x12.png 18w\" sizes=\"(max-width: 1000px) 100vw, 1000px\" \/>\t\t\t\t\t\t\t\t\t\t\t\t\t\t\t<\/div>\n\t\t\t\t\t<\/div>\n\t\t<\/div>\n\t\t\t\t<div class=\"elementor-column elementor-col-50 elementor-inner-column elementor-element elementor-element-5dd536d\" data-id=\"5dd536d\" data-element_type=\"column\" data-e-type=\"column\" data-settings=\"{&quot;background_background&quot;:&quot;classic&quot;}\">\n\t\t\t<div class=\"elementor-widget-wrap elementor-element-populated\">\n\t\t\t\t\t\t<div class=\"elementor-element elementor-element-2affab2 elementor-widget elementor-widget-text-editor\" data-id=\"2affab2\" data-element_type=\"widget\" data-e-type=\"widget\" data-widget_type=\"text-editor.default\">\n\t\t\t\t\t\t\t\t\t<h2 style=\"color: #000000;\"><a href=\"https:\/\/articmusica.com\/conjunt-vocal\/\">Conjunts vocals i instrumentals<\/a><\/h2>\t\t\t\t\t\t\t\t<\/div>\n\t\t\t\t<div class=\"elementor-element elementor-element-e860004 elementor-widget elementor-widget-text-editor\" data-id=\"e860004\" data-element_type=\"widget\" data-e-type=\"widget\" data-widget_type=\"text-editor.default\">\n\t\t\t\t\t\t\t\t\t<p>Les assignatures de conjunt vocal i instrumental ajuden els alumnes a cr\u00e9ixer com a m\u00fasics tot compartint l\u2019experi\u00e8ncia de cantar i tocar en grup. Una manera essencial i motivadora d\u2019aprendre m\u00fasica.<\/p>\t\t\t\t\t\t\t\t<\/div>\n\t\t\t\t\t<\/div>\n\t\t<\/div>\n\t\t\t\t\t<\/div>\n\t\t<\/section>\n\t\t\t\t<section class=\"elementor-section elementor-inner-section elementor-element elementor-element-b7dc783 elementor-section-full_width elementor-section-content-bottom elementor-section-height-min-height elementor-hidden-desktop elementor-hidden-tablet elementor-section-height-default qodef-elementor-content-no\" data-id=\"b7dc783\" data-element_type=\"section\" data-e-type=\"section\">\n\t\t\t\t\t\t<div class=\"elementor-container elementor-column-gap-default\">\n\t\t\t\t\t<div class=\"elementor-column elementor-col-50 elementor-inner-column elementor-element elementor-element-4441067\" data-id=\"4441067\" data-element_type=\"column\" data-e-type=\"column\" data-settings=\"{&quot;background_background&quot;:&quot;classic&quot;}\">\n\t\t\t<div class=\"elementor-widget-wrap elementor-element-populated\">\n\t\t\t\t\t\t<div class=\"elementor-element elementor-element-1687b47 elementor-widget-mobile__width-initial elementor-widget elementor-widget-text-editor\" data-id=\"1687b47\" data-element_type=\"widget\" data-e-type=\"widget\" data-widget_type=\"text-editor.default\">\n\t\t\t\t\t\t\t\t\t<h2 style=\"color: #000000;\"><a href=\"https:\/\/articmusica.com\/conjunt-vocal\/\">Conjunts vocals i instrumentals<\/a><\/h2>\t\t\t\t\t\t\t\t<\/div>\n\t\t\t\t<div class=\"elementor-element elementor-element-09a3c1f elementor-widget elementor-widget-text-editor\" data-id=\"09a3c1f\" data-element_type=\"widget\" data-e-type=\"widget\" data-widget_type=\"text-editor.default\">\n\t\t\t\t\t\t\t\t\t<p>Les assignatures de conjunt vocal i instrumental ajuden els alumnes a cr\u00e9ixer com a m\u00fasics tot compartint l\u2019experi\u00e8ncia de cantar i tocar en grup. Una manera essencial i motivadora d\u2019aprendre m\u00fasica.<\/p>\t\t\t\t\t\t\t\t<\/div>\n\t\t\t\t\t<\/div>\n\t\t<\/div>\n\t\t\t\t<div class=\"elementor-column elementor-col-50 elementor-inner-column elementor-element elementor-element-d37b060\" data-id=\"d37b060\" data-element_type=\"column\" data-e-type=\"column\">\n\t\t\t<div class=\"elementor-widget-wrap elementor-element-populated\">\n\t\t\t\t\t\t<div class=\"elementor-element elementor-element-3462300 elementor-widget elementor-widget-image\" data-id=\"3462300\" data-element_type=\"widget\" data-e-type=\"widget\" data-widget_type=\"image.default\">\n\t\t\t\t\t\t\t\t\t\t\t\t\t\t\t<img decoding=\"async\" src=\"https:\/\/articmusica.com\/wp-content\/uploads\/2026\/01\/Artic34.png\" title=\"\" alt=\"\" loading=\"lazy\" \/>\t\t\t\t\t\t\t\t\t\t\t\t\t\t\t<\/div>\n\t\t\t\t<div class=\"elementor-element elementor-element-48f81ad elementor-widget elementor-widget-image\" data-id=\"48f81ad\" data-element_type=\"widget\" data-e-type=\"widget\" data-widget_type=\"image.default\">\n\t\t\t\t\t\t\t\t\t\t\t\t\t\t\t<img loading=\"lazy\" decoding=\"async\" width=\"1000\" height=\"717\" src=\"https:\/\/articmusica.com\/wp-content\/uploads\/2026\/02\/Artic34.png\" class=\"attachment-large size-large wp-image-9321\" alt=\"Coral\" srcset=\"https:\/\/articmusica.com\/wp-content\/uploads\/2026\/02\/Artic34.png 1000w, https:\/\/articmusica.com\/wp-content\/uploads\/2026\/02\/Artic34-300x215.png 300w, https:\/\/articmusica.com\/wp-content\/uploads\/2026\/02\/Artic34-768x551.png 768w, https:\/\/articmusica.com\/wp-content\/uploads\/2026\/02\/Artic34-18x12.png 18w\" sizes=\"(max-width: 1000px) 100vw, 1000px\" \/>\t\t\t\t\t\t\t\t\t\t\t\t\t\t\t<\/div>\n\t\t\t\t\t<\/div>\n\t\t<\/div>\n\t\t\t\t\t<\/div>\n\t\t<\/section>\n\t\t\t\t<section class=\"elementor-section elementor-inner-section elementor-element elementor-element-cfb521a elementor-section-full_width elementor-section-content-bottom elementor-section-height-min-height elementor-section-height-default qodef-elementor-content-no\" data-id=\"cfb521a\" data-element_type=\"section\" data-e-type=\"section\">\n\t\t\t\t\t\t<div class=\"elementor-container elementor-column-gap-default\">\n\t\t\t\t\t<div class=\"elementor-column elementor-col-50 elementor-inner-column elementor-element elementor-element-f6518c1\" data-id=\"f6518c1\" data-element_type=\"column\" data-e-type=\"column\" data-settings=\"{&quot;background_background&quot;:&quot;classic&quot;}\">\n\t\t\t<div class=\"elementor-widget-wrap elementor-element-populated\">\n\t\t\t\t\t\t<div class=\"elementor-element elementor-element-c3b6274 elementor-widget elementor-widget-text-editor\" data-id=\"c3b6274\" data-element_type=\"widget\" data-e-type=\"widget\" data-widget_type=\"text-editor.default\">\n\t\t\t\t\t\t\t\t\t<h2 style=\"color: #000000;\"><a href=\"https:\/\/articmusica.com\/classes-per-adults\/\">Classes per adults<\/a><\/h2>\t\t\t\t\t\t\t\t<\/div>\n\t\t\t\t<div class=\"elementor-element elementor-element-2202aeb elementor-widget elementor-widget-text-editor\" data-id=\"2202aeb\" data-element_type=\"widget\" data-e-type=\"widget\" data-widget_type=\"text-editor.default\">\n\t\t\t\t\t\t\t\t\t<h3>a partir dels 14 anys<\/h3>\t\t\t\t\t\t\t\t<\/div>\n\t\t\t\t<div class=\"elementor-element elementor-element-9c93a5c elementor-widget elementor-widget-text-editor\" data-id=\"9c93a5c\" data-element_type=\"widget\" data-e-type=\"widget\" data-widget_type=\"text-editor.default\">\n\t\t\t\t\t\t\t\t\t<p>Classes individuals d\u2019instrument pensades especialment per a adults. Adaptem cada sessi\u00f3 al nivell, als horaris i als interessos de cada alumne.<\/p>\t\t\t\t\t\t\t\t<\/div>\n\t\t\t\t\t<\/div>\n\t\t<\/div>\n\t\t\t\t<div class=\"elementor-column elementor-col-50 elementor-inner-column elementor-element elementor-element-ac46b8e\" data-id=\"ac46b8e\" data-element_type=\"column\" data-e-type=\"column\">\n\t\t\t<div class=\"elementor-widget-wrap elementor-element-populated\">\n\t\t\t\t\t\t<div class=\"elementor-element elementor-element-2001779 elementor-widget elementor-widget-image\" data-id=\"2001779\" data-element_type=\"widget\" data-e-type=\"widget\" data-widget_type=\"image.default\">\n\t\t\t\t\t\t\t\t\t\t\t\t\t\t\t<img loading=\"lazy\" decoding=\"async\" width=\"1000\" height=\"717\" src=\"https:\/\/articmusica.com\/wp-content\/uploads\/2026\/02\/Artic.png\" class=\"attachment-large size-large wp-image-9322\" alt=\"Tocant trompeta\" srcset=\"https:\/\/articmusica.com\/wp-content\/uploads\/2026\/02\/Artic.png 1000w, https:\/\/articmusica.com\/wp-content\/uploads\/2026\/02\/Artic-300x215.png 300w, https:\/\/articmusica.com\/wp-content\/uploads\/2026\/02\/Artic-768x551.png 768w, https:\/\/articmusica.com\/wp-content\/uploads\/2026\/02\/Artic-18x12.png 18w\" sizes=\"(max-width: 1000px) 100vw, 1000px\" \/>\t\t\t\t\t\t\t\t\t\t\t\t\t\t\t<\/div>\n\t\t\t\t\t<\/div>\n\t\t<\/div>\n\t\t\t\t\t<\/div>\n\t\t<\/section>\n\t\t\t\t\t<\/div>\n\t\t<\/div>\n\t\t\t\t\t<\/div>\n\t\t<\/section>\n\t\t\t\t<\/div>\n\t\t","protected":false},"excerpt":{"rendered":"<p>\u00c0RTIC \u00e9s una escola de m\u00fasica petita i propera que ofereix una formaci\u00f3 rigorosa i de qualitat per a infants, joves i adults. Entenem la m\u00fasica com un llenguatge a descobrir, interpretar i compartir, i per aix\u00f2 treballem valors com la curiositat, la col\u00b7lectivitat i l\u2019expressi\u00f3 personal. Proposem un aprenentatge progressiu i vivencial, connectant la [&hellip;]<\/p>\n","protected":false},"author":1,"featured_media":0,"parent":0,"menu_order":0,"comment_status":"closed","ping_status":"closed","template":"page-full-width.php","meta":{"footnotes":""},"class_list":["post-387","page","type-page","status-publish","hentry"],"yoast_head":"<!-- This site is optimized with the Yoast SEO plugin v27.5 - https:\/\/yoast.com\/product\/yoast-seo-wordpress\/ -->\n<title>Inici - \u00c0rtic - Escola de M\u00fasica<\/title>\n<meta name=\"robots\" content=\"index, follow, max-snippet:-1, max-image-preview:large, max-video-preview:-1\" \/>\n<link rel=\"canonical\" href=\"https:\/\/articmusica.com\/es\/\" \/>\n<meta property=\"og:locale\" content=\"es_ES\" \/>\n<meta property=\"og:type\" content=\"article\" \/>\n<meta property=\"og:title\" content=\"Inici - \u00c0rtic - Escola de M\u00fasica\" \/>\n<meta property=\"og:description\" content=\"\u00c0RTIC \u00e9s una escola de m\u00fasica petita i propera que ofereix una formaci\u00f3 rigorosa i de qualitat per a infants, joves i adults. Entenem la m\u00fasica com un llenguatge a descobrir, interpretar i compartir, i per aix\u00f2 treballem valors com la curiositat, la col\u00b7lectivitat i l\u2019expressi\u00f3 personal. Proposem un aprenentatge progressiu i vivencial, connectant la [&hellip;]\" \/>\n<meta property=\"og:url\" content=\"https:\/\/articmusica.com\/es\/\" \/>\n<meta property=\"og:site_name\" content=\"\u00c0rtic - Escola de M\u00fasica\" \/>\n<meta property=\"article:modified_time\" content=\"2026-02-26T19:57:44+00:00\" \/>\n<meta property=\"og:image\" content=\"https:\/\/articmusica.com\/wp-content\/uploads\/2026\/02\/Artic32.png\" \/>\n<meta name=\"twitter:card\" content=\"summary_large_image\" \/>\n<meta name=\"twitter:label1\" content=\"Tiempo de lectura\" \/>\n\t<meta name=\"twitter:data1\" content=\"4 minutos\" \/>\n<script type=\"application\/ld+json\" class=\"yoast-schema-graph\">{\"@context\":\"https:\\\/\\\/schema.org\",\"@graph\":[{\"@type\":\"WebPage\",\"@id\":\"https:\\\/\\\/articmusica.com\\\/\",\"url\":\"https:\\\/\\\/articmusica.com\\\/\",\"name\":\"Inici - \u00c0rtic - Escola de M\u00fasica\",\"isPartOf\":{\"@id\":\"https:\\\/\\\/articmusica.com\\\/#website\"},\"primaryImageOfPage\":{\"@id\":\"https:\\\/\\\/articmusica.com\\\/#primaryimage\"},\"image\":{\"@id\":\"https:\\\/\\\/articmusica.com\\\/#primaryimage\"},\"thumbnailUrl\":\"https:\\\/\\\/articmusica.com\\\/wp-content\\\/uploads\\\/2026\\\/02\\\/Artic32.png\",\"datePublished\":\"2020-04-27T12:21:09+00:00\",\"dateModified\":\"2026-02-26T19:57:44+00:00\",\"breadcrumb\":{\"@id\":\"https:\\\/\\\/articmusica.com\\\/#breadcrumb\"},\"inLanguage\":\"es\",\"potentialAction\":[{\"@type\":\"ReadAction\",\"target\":[\"https:\\\/\\\/articmusica.com\\\/\"]}]},{\"@type\":\"ImageObject\",\"inLanguage\":\"es\",\"@id\":\"https:\\\/\\\/articmusica.com\\\/#primaryimage\",\"url\":\"https:\\\/\\\/articmusica.com\\\/wp-content\\\/uploads\\\/2026\\\/02\\\/Artic32.png\",\"contentUrl\":\"https:\\\/\\\/articmusica.com\\\/wp-content\\\/uploads\\\/2026\\\/02\\\/Artic32.png\"},{\"@type\":\"BreadcrumbList\",\"@id\":\"https:\\\/\\\/articmusica.com\\\/#breadcrumb\",\"itemListElement\":[{\"@type\":\"ListItem\",\"position\":1,\"name\":\"Inici\",\"item\":\"https:\\\/\\\/articmusica.com\\\/\"},{\"@type\":\"ListItem\",\"position\":2,\"name\":\"Inici\"}]},{\"@type\":\"WebSite\",\"@id\":\"https:\\\/\\\/articmusica.com\\\/#website\",\"url\":\"https:\\\/\\\/articmusica.com\\\/\",\"name\":\"\u00c0rtic - Escola de M\u00fasica\",\"description\":\"\",\"potentialAction\":[{\"@type\":\"SearchAction\",\"target\":{\"@type\":\"EntryPoint\",\"urlTemplate\":\"https:\\\/\\\/articmusica.com\\\/?s={search_term_string}\"},\"query-input\":{\"@type\":\"PropertyValueSpecification\",\"valueRequired\":true,\"valueName\":\"search_term_string\"}}],\"inLanguage\":\"es\"}]}<\/script>\n<!-- \/ Yoast SEO plugin. -->","yoast_head_json":{"title":"Inicio - \u00c0rtic - Escuela de m\u00fasica","robots":{"index":"index","follow":"follow","max-snippet":"max-snippet:-1","max-image-preview":"max-image-preview:large","max-video-preview":"max-video-preview:-1"},"canonical":"https:\/\/articmusica.com\/es\/","og_locale":"es_ES","og_type":"article","og_title":"Inici - \u00c0rtic - Escola de M\u00fasica","og_description":"\u00c0RTIC \u00e9s una escola de m\u00fasica petita i propera que ofereix una formaci\u00f3 rigorosa i de qualitat per a infants, joves i adults. Entenem la m\u00fasica com un llenguatge a descobrir, interpretar i compartir, i per aix\u00f2 treballem valors com la curiositat, la col\u00b7lectivitat i l\u2019expressi\u00f3 personal. Proposem un aprenentatge progressiu i vivencial, connectant la [&hellip;]","og_url":"https:\/\/articmusica.com\/es\/","og_site_name":"\u00c0rtic - Escola de M\u00fasica","article_modified_time":"2026-02-26T19:57:44+00:00","og_image":[{"url":"https:\/\/articmusica.com\/wp-content\/uploads\/2026\/02\/Artic32.png","type":"","width":"","height":""}],"twitter_card":"summary_large_image","twitter_misc":{"Tiempo de lectura":"4 minutos"},"schema":{"@context":"https:\/\/schema.org","@graph":[{"@type":"WebPage","@id":"https:\/\/articmusica.com\/","url":"https:\/\/articmusica.com\/","name":"Inicio - \u00c0rtic - Escuela de m\u00fasica","isPartOf":{"@id":"https:\/\/articmusica.com\/#website"},"primaryImageOfPage":{"@id":"https:\/\/articmusica.com\/#primaryimage"},"image":{"@id":"https:\/\/articmusica.com\/#primaryimage"},"thumbnailUrl":"https:\/\/articmusica.com\/wp-content\/uploads\/2026\/02\/Artic32.png","datePublished":"2020-04-27T12:21:09+00:00","dateModified":"2026-02-26T19:57:44+00:00","breadcrumb":{"@id":"https:\/\/articmusica.com\/#breadcrumb"},"inLanguage":"es","potentialAction":[{"@type":"ReadAction","target":["https:\/\/articmusica.com\/"]}]},{"@type":"ImageObject","inLanguage":"es","@id":"https:\/\/articmusica.com\/#primaryimage","url":"https:\/\/articmusica.com\/wp-content\/uploads\/2026\/02\/Artic32.png","contentUrl":"https:\/\/articmusica.com\/wp-content\/uploads\/2026\/02\/Artic32.png"},{"@type":"BreadcrumbList","@id":"https:\/\/articmusica.com\/#breadcrumb","itemListElement":[{"@type":"ListItem","position":1,"name":"Inici","item":"https:\/\/articmusica.com\/"},{"@type":"ListItem","position":2,"name":"Inici"}]},{"@type":"WebSite","@id":"https:\/\/articmusica.com\/#website","url":"https:\/\/articmusica.com\/","name":"\u00c0rtic - Escuela de M\u00fasica","description":"","potentialAction":[{"@type":"SearchAction","target":{"@type":"EntryPoint","urlTemplate":"https:\/\/articmusica.com\/?s={search_term_string}"},"query-input":{"@type":"PropertyValueSpecification","valueRequired":true,"valueName":"search_term_string"}}],"inLanguage":"es"}]}},"_links":{"self":[{"href":"https:\/\/articmusica.com\/es\/wp-json\/wp\/v2\/pages\/387","targetHints":{"allow":["GET"]}}],"collection":[{"href":"https:\/\/articmusica.com\/es\/wp-json\/wp\/v2\/pages"}],"about":[{"href":"https:\/\/articmusica.com\/es\/wp-json\/wp\/v2\/types\/page"}],"author":[{"embeddable":true,"href":"https:\/\/articmusica.com\/es\/wp-json\/wp\/v2\/users\/1"}],"replies":[{"embeddable":true,"href":"https:\/\/articmusica.com\/es\/wp-json\/wp\/v2\/comments?post=387"}],"version-history":[{"count":1233,"href":"https:\/\/articmusica.com\/es\/wp-json\/wp\/v2\/pages\/387\/revisions"}],"predecessor-version":[{"id":9374,"href":"https:\/\/articmusica.com\/es\/wp-json\/wp\/v2\/pages\/387\/revisions\/9374"}],"wp:attachment":[{"href":"https:\/\/articmusica.com\/es\/wp-json\/wp\/v2\/media?parent=387"}],"curies":[{"name":"wp","href":"https:\/\/api.w.org\/{rel}","templated":true}]}}